{"id":1298,"date":"2025-07-17T16:50:07","date_gmt":"2025-07-17T16:50:07","guid":{"rendered":"https:\/\/grupoprival.com\/?page_id=1298"},"modified":"2026-03-17T20:59:29","modified_gmt":"2026-03-17T20:59:29","slug":"junta-directiva","status":"publish","type":"page","link":"https:\/\/pa.prival.com\/en\/junta-directiva\/","title":{"rendered":"Board of Directors"},"content":{"rendered":"\t\t<div data-elementor-type=\"wp-page\" data-elementor-id=\"1298\" class=\"elementor elementor-1298\" data-elementor-post-type=\"page\">\n\t\t\t\t<div class=\"elementor-element elementor-element-67e3eae e-con-full e-flex e-con e-parent\" data-id=\"67e3eae\" data-element_type=\"container\" data-e-type=\"container\" data-settings=\"{&quot;background_background&quot;:&quot;classic&quot;,&quot;background_motion_fx_motion_fx_scrolling&quot;:&quot;yes&quot;,&quot;background_motion_fx_translateY_effect&quot;:&quot;yes&quot;,&quot;background_motion_fx_translateY_speed&quot;:{&quot;unit&quot;:&quot;px&quot;,&quot;size&quot;:4,&quot;sizes&quot;:[]},&quot;background_motion_fx_translateY_affectedRange&quot;:{&quot;unit&quot;:&quot;%&quot;,&quot;size&quot;:&quot;&quot;,&quot;sizes&quot;:{&quot;start&quot;:0,&quot;end&quot;:100}},&quot;background_motion_fx_devices&quot;:[&quot;desktop&quot;,&quot;tablet&quot;,&quot;mobile&quot;]}\">\n\t\t<div class=\"elementor-element elementor-element-693af22 e-con-full e-flex e-con e-child\" data-id=\"693af22\" data-element_type=\"container\" data-e-type=\"container\" data-settings=\"{&quot;background_background&quot;:&quot;video&quot;}\">\n\t\t\t\t<div class=\"elementor-element elementor-element-ebbce73 elementor-widget elementor-widget-spacer\" data-id=\"ebbce73\" data-element_type=\"widget\" data-e-type=\"widget\" data-widget_type=\"spacer.default\">\n\t\t\t\t<div class=\"elementor-widget-container\">\n\t\t\t\t\t\t\t<div class=\"elementor-spacer\">\n\t\t\t<div class=\"elementor-spacer-inner\"><\/div>\n\t\t<\/div>\n\t\t\t\t\t\t<\/div>\n\t\t\t\t<\/div>\n\t\t\t\t<div class=\"elementor-element elementor-element-9954163 elementor-widget elementor-widget-spacer\" data-id=\"9954163\" data-element_type=\"widget\" data-e-type=\"widget\" data-widget_type=\"spacer.default\">\n\t\t\t\t<div class=\"elementor-widget-container\">\n\t\t\t\t\t\t\t<div class=\"elementor-spacer\">\n\t\t\t<div class=\"elementor-spacer-inner\"><\/div>\n\t\t<\/div>\n\t\t\t\t\t\t<\/div>\n\t\t\t\t<\/div>\n\t\t\t\t<div class=\"elementor-element elementor-element-17af7cc elementor-invisible elementor-widget elementor-widget-heading\" data-id=\"17af7cc\" data-element_type=\"widget\" data-e-type=\"widget\" data-settings=\"{&quot;_animation&quot;:&quot;fadeIn&quot;}\" data-widget_type=\"heading.default\">\n\t\t\t\t<div class=\"elementor-widget-container\">\n\t\t\t\t\t<h2 class=\"elementor-heading-title elementor-size-default\">Junta Directiva<\/h2>\t\t\t\t<\/div>\n\t\t\t\t<\/div>\n\t\t\t\t<div class=\"elementor-element elementor-element-4f34158 elementor-hidden-mobile elementor-widget-divider--view-line elementor-invisible elementor-widget elementor-widget-divider\" data-id=\"4f34158\" data-element_type=\"widget\" data-e-type=\"widget\" data-settings=\"{&quot;_animation&quot;:&quot;zoomIn&quot;}\" data-widget_type=\"divider.default\">\n\t\t\t\t<div class=\"elementor-widget-container\">\n\t\t\t\t\t\t\t<div class=\"elementor-divider\">\n\t\t\t<span class=\"elementor-divider-separator\">\n\t\t\t\t\t\t<\/span>\n\t\t<\/div>\n\t\t\t\t\t\t<\/div>\n\t\t\t\t<\/div>\n\t\t\t\t<div class=\"elementor-element elementor-element-01eea2c elementor-widget elementor-widget-spacer\" data-id=\"01eea2c\" data-element_type=\"widget\" data-e-type=\"widget\" data-widget_type=\"spacer.default\">\n\t\t\t\t<div class=\"elementor-widget-container\">\n\t\t\t\t\t\t\t<div class=\"elementor-spacer\">\n\t\t\t<div class=\"elementor-spacer-inner\"><\/div>\n\t\t<\/div>\n\t\t\t\t\t\t<\/div>\n\t\t\t\t<\/div>\n\t\t\t\t<\/div>\n\t\t\t\t<div class=\"elementor-element elementor-element-acc4f70 elementor-widget__width-initial elementor-widget elementor-widget-spacer\" data-id=\"acc4f70\" data-element_type=\"widget\" data-e-type=\"widget\" data-widget_type=\"spacer.default\">\n\t\t\t\t<div class=\"elementor-widget-container\">\n\t\t\t\t\t\t\t<div class=\"elementor-spacer\">\n\t\t\t<div class=\"elementor-spacer-inner\"><\/div>\n\t\t<\/div>\n\t\t\t\t\t\t<\/div>\n\t\t\t\t<\/div>\n\t\t\t\t<\/div>\n\t\t<div class=\"elementor-element elementor-element-4ccee18 e-flex e-con-boxed e-con e-parent\" data-id=\"4ccee18\" data-element_type=\"container\" data-e-type=\"container\" data-settings=\"{&quot;background_background&quot;:&quot;classic&quot;}\">\n\t\t\t\t\t<div class=\"e-con-inner\">\n\t\t\t\t<div class=\"elementor-element elementor-element-3834d23 elementor-nav-menu__align-center elementor-nav-menu__text-align-center elementor-widget-tablet__width-initial elementor-widget-mobile__width-initial elementor-nav-menu--dropdown-tablet elementor-invisible elementor-widget elementor-widget-nav-menu\" data-id=\"3834d23\" data-element_type=\"widget\" data-e-type=\"widget\" data-settings=\"{&quot;_animation&quot;:&quot;slideInRight&quot;,&quot;layout&quot;:&quot;horizontal&quot;,&quot;submenu_icon&quot;:{&quot;value&quot;:&quot;&lt;svg aria-hidden=\\&quot;true\\&quot; class=\\&quot;e-font-icon-svg e-fas-caret-down\\&quot; viewBox=\\&quot;0 0 320 512\\&quot; xmlns=\\&quot;http:\\\/\\\/www.w3.org\\\/2000\\\/svg\\&quot;&gt;&lt;path d=\\&quot;M31.3 192h257.3c17.8 0 26.7 21.5 14.1 34.1L174.1 354.8c-7.8 7.8-20.5 7.8-28.3 0L17.2 226.1C4.6 213.5 13.5 192 31.3 192z\\&quot;&gt;&lt;\\\/path&gt;&lt;\\\/svg&gt;&quot;,&quot;library&quot;:&quot;fa-solid&quot;}}\" data-widget_type=\"nav-menu.default\">\n\t\t\t\t<div class=\"elementor-widget-container\">\n\t\t\t\t\t\t\t\t<nav aria-label=\"Men\u00fa\" class=\"elementor-nav-menu--main elementor-nav-menu__container elementor-nav-menu--layout-horizontal e--pointer-underline e--animation-fade\">\n\t\t\t\t<ul id=\"menu-1-3834d23\" class=\"elementor-nav-menu\"><li class=\"menu-item menu-item-type-post_type menu-item-object-page menu-item-1510\"><a href=\"https:\/\/pa.prival.com\/en\/sobre-nosotros\/\" class=\"elementor-item\">Sobre Nosotros<\/a><\/li>\n<li class=\"menu-item menu-item-type-post_type menu-item-object-page menu-item-1509\"><a href=\"https:\/\/pa.prival.com\/en\/junta-directiva\/\" class=\"elementor-item\">Junta Directiva<\/a><\/li>\n<li class=\"menu-item menu-item-type-post_type menu-item-object-page menu-item-1508\"><a href=\"https:\/\/pa.prival.com\/en\/equipo-ejecutivo\/\" class=\"elementor-item\">Equipo Ejecutivo<\/a><\/li>\n<li class=\"menu-item menu-item-type-post_type menu-item-object-page menu-item-1507\"><a href=\"https:\/\/pa.prival.com\/en\/informacion-financiera\/\" class=\"elementor-item\">Informaci\u00f3n Financiera<\/a><\/li>\n<\/ul>\t\t\t<\/nav>\n\t\t\t\t\t\t<nav class=\"elementor-nav-menu--dropdown elementor-nav-menu__container\" aria-hidden=\"true\">\n\t\t\t\t<ul id=\"menu-2-3834d23\" class=\"elementor-nav-menu\"><li class=\"menu-item menu-item-type-post_type menu-item-object-page menu-item-1510\"><a href=\"https:\/\/pa.prival.com\/en\/sobre-nosotros\/\" class=\"elementor-item\" tabindex=\"-1\">Sobre Nosotros<\/a><\/li>\n<li class=\"menu-item menu-item-type-post_type menu-item-object-page menu-item-1509\"><a href=\"https:\/\/pa.prival.com\/en\/junta-directiva\/\" class=\"elementor-item\" tabindex=\"-1\">Junta Directiva<\/a><\/li>\n<li class=\"menu-item menu-item-type-post_type menu-item-object-page menu-item-1508\"><a href=\"https:\/\/pa.prival.com\/en\/equipo-ejecutivo\/\" class=\"elementor-item\" tabindex=\"-1\">Equipo Ejecutivo<\/a><\/li>\n<li class=\"menu-item menu-item-type-post_type menu-item-object-page menu-item-1507\"><a href=\"https:\/\/pa.prival.com\/en\/informacion-financiera\/\" class=\"elementor-item\" tabindex=\"-1\">Informaci\u00f3n Financiera<\/a><\/li>\n<\/ul>\t\t\t<\/nav>\n\t\t\t\t\t\t<\/div>\n\t\t\t\t<\/div>\n\t\t\t\t\t<\/div>\n\t\t\t\t<\/div>\n\t\t<div class=\"elementor-element elementor-element-d9f4ded e-con-full e-flex e-con e-parent\" data-id=\"d9f4ded\" data-element_type=\"container\" data-e-type=\"container\">\n\t\t<div class=\"elementor-element elementor-element-825b5d5 e-con-full e-flex e-con e-child\" data-id=\"825b5d5\" data-element_type=\"container\" data-e-type=\"container\" data-settings=\"{&quot;background_background&quot;:&quot;classic&quot;}\">\n\t\t<div class=\"elementor-element elementor-element-f500a41 e-con-full e-flex e-con e-child\" data-id=\"f500a41\" data-element_type=\"container\" data-e-type=\"container\">\n\t\t\t\t<div class=\"elementor-element elementor-element-b0764c5 elementor-invisible elementor-widget elementor-widget-heading\" data-id=\"b0764c5\" data-element_type=\"widget\" data-e-type=\"widget\" data-settings=\"{&quot;_animation&quot;:&quot;fadeIn&quot;}\" data-widget_type=\"heading.default\">\n\t\t\t\t<div class=\"elementor-widget-container\">\n\t\t\t\t\t<h2 class=\"elementor-heading-title elementor-size-default\">Grupo Prival<\/h2>\t\t\t\t<\/div>\n\t\t\t\t<\/div>\n\t\t\t\t<div class=\"elementor-element elementor-element-347ce5e elementor-widget-divider--view-line elementor-widget elementor-widget-divider\" data-id=\"347ce5e\" data-element_type=\"widget\" data-e-type=\"widget\" data-widget_type=\"divider.default\">\n\t\t\t\t<div class=\"elementor-widget-container\">\n\t\t\t\t\t\t\t<div class=\"elementor-divider\">\n\t\t\t<span class=\"elementor-divider-separator\">\n\t\t\t\t\t\t<\/span>\n\t\t<\/div>\n\t\t\t\t\t\t<\/div>\n\t\t\t\t<\/div>\n\t\t\t\t<\/div>\n\t\t<div class=\"elementor-element elementor-element-8ce006b e-grid e-con-boxed e-con e-child\" data-id=\"8ce006b\" data-element_type=\"container\" data-e-type=\"container\">\n\t\t\t\t\t<div class=\"e-con-inner\">\n\t\t<div class=\"elementor-element elementor-element-6028e6a e-transform e-flex e-con-boxed elementor-invisible e-con e-child\" data-id=\"6028e6a\" data-element_type=\"container\" data-e-type=\"container\" data-settings=\"{&quot;background_background&quot;:&quot;classic&quot;,&quot;_transform_scale_effect_hover&quot;:{&quot;unit&quot;:&quot;px&quot;,&quot;size&quot;:1.0300000000000000266453525910037569701671600341796875,&quot;sizes&quot;:[]},&quot;animation&quot;:&quot;fadeInUp&quot;,&quot;_transform_scale_effect_hover_tablet&quot;:{&quot;unit&quot;:&quot;px&quot;,&quot;size&quot;:&quot;&quot;,&quot;sizes&quot;:[]},&quot;_transform_scale_effect_hover_mobile&quot;:{&quot;unit&quot;:&quot;px&quot;,&quot;size&quot;:&quot;&quot;,&quot;sizes&quot;:[]}}\">\n\t\t\t\t\t<div class=\"e-con-inner\">\n\t\t\t\t<div class=\"elementor-element elementor-element-46ffa75 elementor-widget__width-initial elementor-widget elementor-widget-image\" data-id=\"46ffa75\" data-element_type=\"widget\" data-e-type=\"widget\" data-widget_type=\"image.default\">\n\t\t\t\t<div class=\"elementor-widget-container\">\n\t\t\t\t\t\t\t\t\t\t\t\t\t\t\t<img fetchpriority=\"high\" decoding=\"async\" width=\"683\" height=\"1024\" src=\"https:\/\/pa.prival.com\/wp-content\/uploads\/2025\/07\/Juan-Carlos-Fabrega-Rux-Presidente-1-1-683x1024.webp\" class=\"attachment-large size-large wp-image-763\" alt=\"\" srcset=\"https:\/\/pa.prival.com\/wp-content\/uploads\/2025\/07\/Juan-Carlos-Fabrega-Rux-Presidente-1-1-683x1024.webp 683w, https:\/\/pa.prival.com\/wp-content\/uploads\/2025\/07\/Juan-Carlos-Fabrega-Rux-Presidente-1-1-200x300.webp 200w, https:\/\/pa.prival.com\/wp-content\/uploads\/2025\/07\/Juan-Carlos-Fabrega-Rux-Presidente-1-1-768x1152.webp 768w, https:\/\/pa.prival.com\/wp-content\/uploads\/2025\/07\/Juan-Carlos-Fabrega-Rux-Presidente-1-1-1024x1536.webp 1024w, https:\/\/pa.prival.com\/wp-content\/uploads\/2025\/07\/Juan-Carlos-Fabrega-Rux-Presidente-1-1-1365x2048.webp 1365w, https:\/\/pa.prival.com\/wp-content\/uploads\/2025\/07\/Juan-Carlos-Fabrega-Rux-Presidente-1-1-8x12.webp 8w, https:\/\/pa.prival.com\/wp-content\/uploads\/2025\/07\/Juan-Carlos-Fabrega-Rux-Presidente-1-1-scaled.webp 1707w\" sizes=\"(max-width: 683px) 100vw, 683px\" \/>\t\t\t\t\t\t\t\t\t\t\t\t\t\t\t<\/div>\n\t\t\t\t<\/div>\n\t\t\t\t<div class=\"elementor-element elementor-element-0321204 elementor-widget elementor-widget-heading\" data-id=\"0321204\" data-element_type=\"widget\" data-e-type=\"widget\" data-widget_type=\"heading.default\">\n\t\t\t\t<div class=\"elementor-widget-container\">\n\t\t\t\t\t<h3 class=\"elementor-heading-title elementor-size-default\">Juan Carlos F\u00e1brega <\/h3>\t\t\t\t<\/div>\n\t\t\t\t<\/div>\n\t\t\t\t<div class=\"elementor-element elementor-element-45f97e0 elementor-widget__width-initial elementor-widget elementor-widget-text-editor\" data-id=\"45f97e0\" data-element_type=\"widget\" data-e-type=\"widget\" data-widget_type=\"text-editor.default\">\n\t\t\t\t<div class=\"elementor-widget-container\">\n\t\t\t\t\t\t\t\t\t<p><strong>Director y Presidente\u00a0<\/strong> (2009)<\/p>\t\t\t\t\t\t\t\t<\/div>\n\t\t\t\t<\/div>\n\t\t\t\t\t<\/div>\n\t\t\t\t<\/div>\n\t\t<div class=\"elementor-element elementor-element-7bec367 e-transform e-con-full e-flex elementor-invisible e-con e-child\" data-id=\"7bec367\" data-element_type=\"container\" data-e-type=\"container\" data-settings=\"{&quot;background_background&quot;:&quot;classic&quot;,&quot;_transform_scale_effect_hover&quot;:{&quot;unit&quot;:&quot;px&quot;,&quot;size&quot;:1.0300000000000000266453525910037569701671600341796875,&quot;sizes&quot;:[]},&quot;animation&quot;:&quot;fadeInUp&quot;,&quot;_transform_scale_effect_hover_tablet&quot;:{&quot;unit&quot;:&quot;px&quot;,&quot;size&quot;:&quot;&quot;,&quot;sizes&quot;:[]},&quot;_transform_scale_effect_hover_mobile&quot;:{&quot;unit&quot;:&quot;px&quot;,&quot;size&quot;:&quot;&quot;,&quot;sizes&quot;:[]}}\">\n\t\t\t\t<div class=\"elementor-element elementor-element-7e151a8 elementor-widget__width-initial elementor-widget elementor-widget-image\" data-id=\"7e151a8\" data-element_type=\"widget\" data-e-type=\"widget\" data-widget_type=\"image.default\">\n\t\t\t\t<div class=\"elementor-widget-container\">\n\t\t\t\t\t\t\t\t\t\t\t\t\t\t\t<img decoding=\"async\" width=\"1365\" height=\"2048\" src=\"https:\/\/pa.prival.com\/wp-content\/uploads\/2025\/08\/Roberto-Pascual-Vicepresidente-1365x2048.webp\" class=\"attachment-2048x2048 size-2048x2048 wp-image-3429\" alt=\"\" srcset=\"https:\/\/pa.prival.com\/wp-content\/uploads\/2025\/08\/Roberto-Pascual-Vicepresidente-1365x2048.webp 1365w, https:\/\/pa.prival.com\/wp-content\/uploads\/2025\/08\/Roberto-Pascual-Vicepresidente-200x300.webp 200w, https:\/\/pa.prival.com\/wp-content\/uploads\/2025\/08\/Roberto-Pascual-Vicepresidente-683x1024.webp 683w, https:\/\/pa.prival.com\/wp-content\/uploads\/2025\/08\/Roberto-Pascual-Vicepresidente-768x1152.webp 768w, https:\/\/pa.prival.com\/wp-content\/uploads\/2025\/08\/Roberto-Pascual-Vicepresidente-1024x1536.webp 1024w, https:\/\/pa.prival.com\/wp-content\/uploads\/2025\/08\/Roberto-Pascual-Vicepresidente-8x12.webp 8w, https:\/\/pa.prival.com\/wp-content\/uploads\/2025\/08\/Roberto-Pascual-Vicepresidente-scaled.webp 1707w\" sizes=\"(max-width: 1365px) 100vw, 1365px\" \/>\t\t\t\t\t\t\t\t\t\t\t\t\t\t\t<\/div>\n\t\t\t\t<\/div>\n\t\t\t\t<div class=\"elementor-element elementor-element-df72cdb elementor-widget elementor-widget-heading\" data-id=\"df72cdb\" data-element_type=\"widget\" data-e-type=\"widget\" data-widget_type=\"heading.default\">\n\t\t\t\t<div class=\"elementor-widget-container\">\n\t\t\t\t\t<h3 class=\"elementor-heading-title elementor-size-default\">Roberto Pascual Q.<\/h3>\t\t\t\t<\/div>\n\t\t\t\t<\/div>\n\t\t\t\t<div class=\"elementor-element elementor-element-a2b95c0 elementor-widget__width-initial elementor-widget elementor-widget-text-editor\" data-id=\"a2b95c0\" data-element_type=\"widget\" data-e-type=\"widget\" data-widget_type=\"text-editor.default\">\n\t\t\t\t<div class=\"elementor-widget-container\">\n\t\t\t\t\t\t\t\t\t<p><strong>Director y Vicepresidente<\/strong>\u00a0(2009)<\/p>\t\t\t\t\t\t\t\t<\/div>\n\t\t\t\t<\/div>\n\t\t\t\t<\/div>\n\t\t<div class=\"elementor-element elementor-element-757c3b0 e-transform e-flex e-con-boxed elementor-invisible e-con e-child\" data-id=\"757c3b0\" data-element_type=\"container\" data-e-type=\"container\" data-settings=\"{&quot;background_background&quot;:&quot;classic&quot;,&quot;_transform_scale_effect_hover&quot;:{&quot;unit&quot;:&quot;px&quot;,&quot;size&quot;:1.0300000000000000266453525910037569701671600341796875,&quot;sizes&quot;:[]},&quot;animation&quot;:&quot;fadeInUp&quot;,&quot;_transform_scale_effect_hover_tablet&quot;:{&quot;unit&quot;:&quot;px&quot;,&quot;size&quot;:&quot;&quot;,&quot;sizes&quot;:[]},&quot;_transform_scale_effect_hover_mobile&quot;:{&quot;unit&quot;:&quot;px&quot;,&quot;size&quot;:&quot;&quot;,&quot;sizes&quot;:[]}}\">\n\t\t\t\t\t<div class=\"e-con-inner\">\n\t\t\t\t<div class=\"elementor-element elementor-element-8d209b4 elementor-widget__width-initial elementor-widget elementor-widget-image\" data-id=\"8d209b4\" data-element_type=\"widget\" data-e-type=\"widget\" data-widget_type=\"image.default\">\n\t\t\t\t<div class=\"elementor-widget-container\">\n\t\t\t\t\t\t\t\t\t\t\t\t\t\t\t<img decoding=\"async\" width=\"683\" height=\"1024\" src=\"https:\/\/pa.prival.com\/wp-content\/uploads\/2025\/08\/Samuel-Lewis-Navarro-Secretario-683x1024.webp\" class=\"attachment-large size-large wp-image-3428\" alt=\"\" srcset=\"https:\/\/pa.prival.com\/wp-content\/uploads\/2025\/08\/Samuel-Lewis-Navarro-Secretario-683x1024.webp 683w, https:\/\/pa.prival.com\/wp-content\/uploads\/2025\/08\/Samuel-Lewis-Navarro-Secretario-200x300.webp 200w, https:\/\/pa.prival.com\/wp-content\/uploads\/2025\/08\/Samuel-Lewis-Navarro-Secretario-768x1152.webp 768w, https:\/\/pa.prival.com\/wp-content\/uploads\/2025\/08\/Samuel-Lewis-Navarro-Secretario-1024x1536.webp 1024w, https:\/\/pa.prival.com\/wp-content\/uploads\/2025\/08\/Samuel-Lewis-Navarro-Secretario-1365x2048.webp 1365w, https:\/\/pa.prival.com\/wp-content\/uploads\/2025\/08\/Samuel-Lewis-Navarro-Secretario-8x12.webp 8w, https:\/\/pa.prival.com\/wp-content\/uploads\/2025\/08\/Samuel-Lewis-Navarro-Secretario-scaled.webp 1707w\" sizes=\"(max-width: 683px) 100vw, 683px\" \/>\t\t\t\t\t\t\t\t\t\t\t\t\t\t\t<\/div>\n\t\t\t\t<\/div>\n\t\t\t\t<div class=\"elementor-element elementor-element-45067d7 elementor-widget elementor-widget-heading\" data-id=\"45067d7\" data-element_type=\"widget\" data-e-type=\"widget\" data-widget_type=\"heading.default\">\n\t\t\t\t<div class=\"elementor-widget-container\">\n\t\t\t\t\t<h3 class=\"elementor-heading-title elementor-size-default\">Samuel Lewis Navarro<\/h3>\t\t\t\t<\/div>\n\t\t\t\t<\/div>\n\t\t\t\t<div class=\"elementor-element elementor-element-7d181f6 elementor-widget__width-initial elementor-widget elementor-widget-text-editor\" data-id=\"7d181f6\" data-element_type=\"widget\" data-e-type=\"widget\" data-widget_type=\"text-editor.default\">\n\t\t\t\t<div class=\"elementor-widget-container\">\n\t\t\t\t\t\t\t\t\t<p><strong>Director y Secretario<\/strong> (2009)<\/p>\t\t\t\t\t\t\t\t<\/div>\n\t\t\t\t<\/div>\n\t\t\t\t\t<\/div>\n\t\t\t\t<\/div>\n\t\t<div class=\"elementor-element elementor-element-f546a31 e-transform e-flex e-con-boxed elementor-invisible e-con e-child\" data-id=\"f546a31\" data-element_type=\"container\" data-e-type=\"container\" data-settings=\"{&quot;background_background&quot;:&quot;classic&quot;,&quot;_transform_scale_effect_hover&quot;:{&quot;unit&quot;:&quot;px&quot;,&quot;size&quot;:1.0300000000000000266453525910037569701671600341796875,&quot;sizes&quot;:[]},&quot;animation&quot;:&quot;fadeInUp&quot;,&quot;_transform_scale_effect_hover_tablet&quot;:{&quot;unit&quot;:&quot;px&quot;,&quot;size&quot;:&quot;&quot;,&quot;sizes&quot;:[]},&quot;_transform_scale_effect_hover_mobile&quot;:{&quot;unit&quot;:&quot;px&quot;,&quot;size&quot;:&quot;&quot;,&quot;sizes&quot;:[]}}\">\n\t\t\t\t\t<div class=\"e-con-inner\">\n\t\t\t\t<div class=\"elementor-element elementor-element-6353e26 elementor-widget__width-initial elementor-widget elementor-widget-image\" data-id=\"6353e26\" data-element_type=\"widget\" data-e-type=\"widget\" data-widget_type=\"image.default\">\n\t\t\t\t<div class=\"elementor-widget-container\">\n\t\t\t\t\t\t\t\t\t\t\t\t\t\t\t<img loading=\"lazy\" decoding=\"async\" width=\"762\" height=\"1024\" src=\"https:\/\/pa.prival.com\/wp-content\/uploads\/2025\/07\/Jaime-Sosa-Quintero-Tesorero-scaled-e1752864712276-762x1024.webp\" class=\"attachment-large size-large wp-image-807\" alt=\"\" srcset=\"https:\/\/pa.prival.com\/wp-content\/uploads\/2025\/07\/Jaime-Sosa-Quintero-Tesorero-scaled-e1752864712276-762x1024.webp 762w, https:\/\/pa.prival.com\/wp-content\/uploads\/2025\/07\/Jaime-Sosa-Quintero-Tesorero-scaled-e1752864712276-223x300.webp 223w, https:\/\/pa.prival.com\/wp-content\/uploads\/2025\/07\/Jaime-Sosa-Quintero-Tesorero-scaled-e1752864712276-768x1032.webp 768w, https:\/\/pa.prival.com\/wp-content\/uploads\/2025\/07\/Jaime-Sosa-Quintero-Tesorero-scaled-e1752864712276-1143x1536.webp 1143w, https:\/\/pa.prival.com\/wp-content\/uploads\/2025\/07\/Jaime-Sosa-Quintero-Tesorero-scaled-e1752864712276-9x12.webp 9w, https:\/\/pa.prival.com\/wp-content\/uploads\/2025\/07\/Jaime-Sosa-Quintero-Tesorero-scaled-e1752864712276.webp 1237w\" sizes=\"(max-width: 762px) 100vw, 762px\" \/>\t\t\t\t\t\t\t\t\t\t\t\t\t\t\t<\/div>\n\t\t\t\t<\/div>\n\t\t\t\t<div class=\"elementor-element elementor-element-ae38967 elementor-widget elementor-widget-heading\" data-id=\"ae38967\" data-element_type=\"widget\" data-e-type=\"widget\" data-widget_type=\"heading.default\">\n\t\t\t\t<div class=\"elementor-widget-container\">\n\t\t\t\t\t<h3 class=\"elementor-heading-title elementor-size-default\">Jaime Sosa Quintero<\/h3>\t\t\t\t<\/div>\n\t\t\t\t<\/div>\n\t\t\t\t<div class=\"elementor-element elementor-element-5aec8b2 elementor-widget__width-initial elementor-widget elementor-widget-text-editor\" data-id=\"5aec8b2\" data-element_type=\"widget\" data-e-type=\"widget\" data-widget_type=\"text-editor.default\">\n\t\t\t\t<div class=\"elementor-widget-container\">\n\t\t\t\t\t\t\t\t\t<p><strong>Director y Tesorero<\/strong> (2009)<\/p>\t\t\t\t\t\t\t\t<\/div>\n\t\t\t\t<\/div>\n\t\t\t\t\t<\/div>\n\t\t\t\t<\/div>\n\t\t<div class=\"elementor-element elementor-element-b91407c e-transform e-con-full e-flex elementor-invisible e-con e-child\" data-id=\"b91407c\" data-element_type=\"container\" data-e-type=\"container\" data-settings=\"{&quot;background_background&quot;:&quot;classic&quot;,&quot;_transform_scale_effect_hover&quot;:{&quot;unit&quot;:&quot;px&quot;,&quot;size&quot;:1.0300000000000000266453525910037569701671600341796875,&quot;sizes&quot;:[]},&quot;animation&quot;:&quot;fadeInUp&quot;,&quot;_transform_scale_effect_hover_tablet&quot;:{&quot;unit&quot;:&quot;px&quot;,&quot;size&quot;:&quot;&quot;,&quot;sizes&quot;:[]},&quot;_transform_scale_effect_hover_mobile&quot;:{&quot;unit&quot;:&quot;px&quot;,&quot;size&quot;:&quot;&quot;,&quot;sizes&quot;:[]}}\">\n\t\t\t\t<div class=\"elementor-element elementor-element-8319456 elementor-widget__width-initial elementor-widget elementor-widget-image\" data-id=\"8319456\" data-element_type=\"widget\" data-e-type=\"widget\" data-widget_type=\"image.default\">\n\t\t\t\t<div class=\"elementor-widget-container\">\n\t\t\t\t\t\t\t\t\t\t\t\t\t\t\t<img loading=\"lazy\" decoding=\"async\" width=\"683\" height=\"1024\" src=\"https:\/\/pa.prival.com\/wp-content\/uploads\/2025\/08\/Simon-Bolivar-Aleman-Director-683x1024.webp\" class=\"attachment-large size-large wp-image-3427\" alt=\"\" srcset=\"https:\/\/pa.prival.com\/wp-content\/uploads\/2025\/08\/Simon-Bolivar-Aleman-Director-683x1024.webp 683w, https:\/\/pa.prival.com\/wp-content\/uploads\/2025\/08\/Simon-Bolivar-Aleman-Director-200x300.webp 200w, https:\/\/pa.prival.com\/wp-content\/uploads\/2025\/08\/Simon-Bolivar-Aleman-Director-768x1152.webp 768w, https:\/\/pa.prival.com\/wp-content\/uploads\/2025\/08\/Simon-Bolivar-Aleman-Director-1024x1536.webp 1024w, https:\/\/pa.prival.com\/wp-content\/uploads\/2025\/08\/Simon-Bolivar-Aleman-Director-1365x2048.webp 1365w, https:\/\/pa.prival.com\/wp-content\/uploads\/2025\/08\/Simon-Bolivar-Aleman-Director-8x12.webp 8w, https:\/\/pa.prival.com\/wp-content\/uploads\/2025\/08\/Simon-Bolivar-Aleman-Director-scaled.webp 1707w\" sizes=\"(max-width: 683px) 100vw, 683px\" \/>\t\t\t\t\t\t\t\t\t\t\t\t\t\t\t<\/div>\n\t\t\t\t<\/div>\n\t\t\t\t<div class=\"elementor-element elementor-element-9f06834 elementor-widget elementor-widget-heading\" data-id=\"9f06834\" data-element_type=\"widget\" data-e-type=\"widget\" data-widget_type=\"heading.default\">\n\t\t\t\t<div class=\"elementor-widget-container\">\n\t\t\t\t\t<h3 class=\"elementor-heading-title elementor-size-default\">Sim\u00f3n Bol\u00edvar Alem\u00e1n<\/h3>\t\t\t\t<\/div>\n\t\t\t\t<\/div>\n\t\t\t\t<div class=\"elementor-element elementor-element-4b6b5aa elementor-widget__width-initial elementor-widget elementor-widget-text-editor\" data-id=\"4b6b5aa\" data-element_type=\"widget\" data-e-type=\"widget\" data-widget_type=\"text-editor.default\">\n\t\t\t\t<div class=\"elementor-widget-container\">\n\t\t\t\t\t\t\t\t\t<p><strong>Director<\/strong> (2009)<\/p>\t\t\t\t\t\t\t\t<\/div>\n\t\t\t\t<\/div>\n\t\t\t\t<\/div>\n\t\t<div class=\"elementor-element elementor-element-5f13314 e-transform e-flex e-con-boxed elementor-invisible e-con e-child\" data-id=\"5f13314\" data-element_type=\"container\" data-e-type=\"container\" data-settings=\"{&quot;background_background&quot;:&quot;classic&quot;,&quot;_transform_scale_effect_hover&quot;:{&quot;unit&quot;:&quot;px&quot;,&quot;size&quot;:1.0300000000000000266453525910037569701671600341796875,&quot;sizes&quot;:[]},&quot;animation&quot;:&quot;fadeInUp&quot;,&quot;_transform_scale_effect_hover_tablet&quot;:{&quot;unit&quot;:&quot;px&quot;,&quot;size&quot;:&quot;&quot;,&quot;sizes&quot;:[]},&quot;_transform_scale_effect_hover_mobile&quot;:{&quot;unit&quot;:&quot;px&quot;,&quot;size&quot;:&quot;&quot;,&quot;sizes&quot;:[]}}\">\n\t\t\t\t\t<div class=\"e-con-inner\">\n\t\t\t\t<div class=\"elementor-element elementor-element-c0c3685 elementor-widget__width-initial elementor-widget elementor-widget-image\" data-id=\"c0c3685\" data-element_type=\"widget\" data-e-type=\"widget\" data-widget_type=\"image.default\">\n\t\t\t\t<div class=\"elementor-widget-container\">\n\t\t\t\t\t\t\t\t\t\t\t\t\t\t\t<img loading=\"lazy\" decoding=\"async\" width=\"683\" height=\"1024\" src=\"https:\/\/pa.prival.com\/wp-content\/uploads\/2025\/08\/Samuel-Urrutia-Cantoral-Director-683x1024.webp\" class=\"attachment-large size-large wp-image-3430\" alt=\"\" srcset=\"https:\/\/pa.prival.com\/wp-content\/uploads\/2025\/08\/Samuel-Urrutia-Cantoral-Director-683x1024.webp 683w, https:\/\/pa.prival.com\/wp-content\/uploads\/2025\/08\/Samuel-Urrutia-Cantoral-Director-200x300.webp 200w, https:\/\/pa.prival.com\/wp-content\/uploads\/2025\/08\/Samuel-Urrutia-Cantoral-Director-768x1152.webp 768w, https:\/\/pa.prival.com\/wp-content\/uploads\/2025\/08\/Samuel-Urrutia-Cantoral-Director-1024x1536.webp 1024w, https:\/\/pa.prival.com\/wp-content\/uploads\/2025\/08\/Samuel-Urrutia-Cantoral-Director-1365x2048.webp 1365w, https:\/\/pa.prival.com\/wp-content\/uploads\/2025\/08\/Samuel-Urrutia-Cantoral-Director-8x12.webp 8w, https:\/\/pa.prival.com\/wp-content\/uploads\/2025\/08\/Samuel-Urrutia-Cantoral-Director-scaled.webp 1707w\" sizes=\"(max-width: 683px) 100vw, 683px\" \/>\t\t\t\t\t\t\t\t\t\t\t\t\t\t\t<\/div>\n\t\t\t\t<\/div>\n\t\t\t\t<div class=\"elementor-element elementor-element-eddaf0e elementor-widget elementor-widget-heading\" data-id=\"eddaf0e\" data-element_type=\"widget\" data-e-type=\"widget\" data-widget_type=\"heading.default\">\n\t\t\t\t<div class=\"elementor-widget-container\">\n\t\t\t\t\t<h3 class=\"elementor-heading-title elementor-size-default\">Samuel Urrutia Cantoral<\/h3>\t\t\t\t<\/div>\n\t\t\t\t<\/div>\n\t\t\t\t<div class=\"elementor-element elementor-element-90963d7 elementor-widget__width-initial elementor-widget elementor-widget-text-editor\" data-id=\"90963d7\" data-element_type=\"widget\" data-e-type=\"widget\" data-widget_type=\"text-editor.default\">\n\t\t\t\t<div class=\"elementor-widget-container\">\n\t\t\t\t\t\t\t\t\t<p><strong>Director<\/strong> (2009)<\/p>\t\t\t\t\t\t\t\t<\/div>\n\t\t\t\t<\/div>\n\t\t\t\t\t<\/div>\n\t\t\t\t<\/div>\n\t\t<div class=\"elementor-element elementor-element-cefa4ea e-transform e-flex e-con-boxed elementor-invisible e-con e-child\" data-id=\"cefa4ea\" data-element_type=\"container\" data-e-type=\"container\" data-settings=\"{&quot;background_background&quot;:&quot;classic&quot;,&quot;_transform_scale_effect_hover&quot;:{&quot;unit&quot;:&quot;px&quot;,&quot;size&quot;:1.0300000000000000266453525910037569701671600341796875,&quot;sizes&quot;:[]},&quot;animation&quot;:&quot;fadeInUp&quot;,&quot;_transform_scale_effect_hover_tablet&quot;:{&quot;unit&quot;:&quot;px&quot;,&quot;size&quot;:&quot;&quot;,&quot;sizes&quot;:[]},&quot;_transform_scale_effect_hover_mobile&quot;:{&quot;unit&quot;:&quot;px&quot;,&quot;size&quot;:&quot;&quot;,&quot;sizes&quot;:[]}}\">\n\t\t\t\t\t<div class=\"e-con-inner\">\n\t\t\t\t<div class=\"elementor-element elementor-element-0891cd6 elementor-widget__width-initial elementor-widget elementor-widget-image\" data-id=\"0891cd6\" data-element_type=\"widget\" data-e-type=\"widget\" data-widget_type=\"image.default\">\n\t\t\t\t<div class=\"elementor-widget-container\">\n\t\t\t\t\t\t\t\t\t\t\t\t\t\t\t<img loading=\"lazy\" decoding=\"async\" width=\"647\" height=\"1024\" src=\"https:\/\/pa.prival.com\/wp-content\/uploads\/2025\/08\/Rogelio-Arango-de-la-Guardia-Director--scaled-e1754436191661-647x1024.webp\" class=\"attachment-large size-large wp-image-3431\" alt=\"\" srcset=\"https:\/\/pa.prival.com\/wp-content\/uploads\/2025\/08\/Rogelio-Arango-de-la-Guardia-Director--scaled-e1754436191661-647x1024.webp 647w, https:\/\/pa.prival.com\/wp-content\/uploads\/2025\/08\/Rogelio-Arango-de-la-Guardia-Director--scaled-e1754436191661-189x300.webp 189w, https:\/\/pa.prival.com\/wp-content\/uploads\/2025\/08\/Rogelio-Arango-de-la-Guardia-Director--scaled-e1754436191661-768x1216.webp 768w, https:\/\/pa.prival.com\/wp-content\/uploads\/2025\/08\/Rogelio-Arango-de-la-Guardia-Director--scaled-e1754436191661-970x1536.webp 970w, https:\/\/pa.prival.com\/wp-content\/uploads\/2025\/08\/Rogelio-Arango-de-la-Guardia-Director--scaled-e1754436191661-1294x2048.webp 1294w, https:\/\/pa.prival.com\/wp-content\/uploads\/2025\/08\/Rogelio-Arango-de-la-Guardia-Director--scaled-e1754436191661-8x12.webp 8w, https:\/\/pa.prival.com\/wp-content\/uploads\/2025\/08\/Rogelio-Arango-de-la-Guardia-Director--scaled-e1754436191661.webp 1617w\" sizes=\"(max-width: 647px) 100vw, 647px\" \/>\t\t\t\t\t\t\t\t\t\t\t\t\t\t\t<\/div>\n\t\t\t\t<\/div>\n\t\t\t\t<div class=\"elementor-element elementor-element-b3c5e8e elementor-widget elementor-widget-heading\" data-id=\"b3c5e8e\" data-element_type=\"widget\" data-e-type=\"widget\" data-widget_type=\"heading.default\">\n\t\t\t\t<div class=\"elementor-widget-container\">\n\t\t\t\t\t<h3 class=\"elementor-heading-title elementor-size-default\">Rogelio Arango de la Guardia<\/h3>\t\t\t\t<\/div>\n\t\t\t\t<\/div>\n\t\t\t\t<div class=\"elementor-element elementor-element-1b70a94 elementor-widget__width-initial elementor-widget elementor-widget-text-editor\" data-id=\"1b70a94\" data-element_type=\"widget\" data-e-type=\"widget\" data-widget_type=\"text-editor.default\">\n\t\t\t\t<div class=\"elementor-widget-container\">\n\t\t\t\t\t\t\t\t\t<p><strong>Director<\/strong> (2018)<\/p>\t\t\t\t\t\t\t\t<\/div>\n\t\t\t\t<\/div>\n\t\t\t\t\t<\/div>\n\t\t\t\t<\/div>\n\t\t<div class=\"elementor-element elementor-element-28fdeb3 e-transform e-flex e-con-boxed elementor-invisible e-con e-child\" data-id=\"28fdeb3\" data-element_type=\"container\" data-e-type=\"container\" data-settings=\"{&quot;background_background&quot;:&quot;classic&quot;,&quot;_transform_scale_effect_hover&quot;:{&quot;unit&quot;:&quot;px&quot;,&quot;size&quot;:1.0300000000000000266453525910037569701671600341796875,&quot;sizes&quot;:[]},&quot;animation&quot;:&quot;fadeInUp&quot;,&quot;_transform_scale_effect_hover_tablet&quot;:{&quot;unit&quot;:&quot;px&quot;,&quot;size&quot;:&quot;&quot;,&quot;sizes&quot;:[]},&quot;_transform_scale_effect_hover_mobile&quot;:{&quot;unit&quot;:&quot;px&quot;,&quot;size&quot;:&quot;&quot;,&quot;sizes&quot;:[]}}\">\n\t\t\t\t\t<div class=\"e-con-inner\">\n\t\t\t\t<div class=\"elementor-element elementor-element-24fc2c5 elementor-widget__width-initial elementor-widget elementor-widget-image\" data-id=\"24fc2c5\" data-element_type=\"widget\" data-e-type=\"widget\" data-widget_type=\"image.default\">\n\t\t\t\t<div class=\"elementor-widget-container\">\n\t\t\t\t\t\t\t\t\t\t\t\t\t\t\t<img loading=\"lazy\" decoding=\"async\" width=\"683\" height=\"1024\" src=\"https:\/\/pa.prival.com\/wp-content\/uploads\/2025\/08\/Leopoldo-Liakopulos-Falcon-Director-683x1024.webp\" class=\"attachment-large size-large wp-image-3432\" alt=\"\" srcset=\"https:\/\/pa.prival.com\/wp-content\/uploads\/2025\/08\/Leopoldo-Liakopulos-Falcon-Director-683x1024.webp 683w, https:\/\/pa.prival.com\/wp-content\/uploads\/2025\/08\/Leopoldo-Liakopulos-Falcon-Director-200x300.webp 200w, https:\/\/pa.prival.com\/wp-content\/uploads\/2025\/08\/Leopoldo-Liakopulos-Falcon-Director-768x1152.webp 768w, https:\/\/pa.prival.com\/wp-content\/uploads\/2025\/08\/Leopoldo-Liakopulos-Falcon-Director-1024x1536.webp 1024w, https:\/\/pa.prival.com\/wp-content\/uploads\/2025\/08\/Leopoldo-Liakopulos-Falcon-Director-1365x2048.webp 1365w, https:\/\/pa.prival.com\/wp-content\/uploads\/2025\/08\/Leopoldo-Liakopulos-Falcon-Director-8x12.webp 8w, https:\/\/pa.prival.com\/wp-content\/uploads\/2025\/08\/Leopoldo-Liakopulos-Falcon-Director-scaled.webp 1707w\" sizes=\"(max-width: 683px) 100vw, 683px\" \/>\t\t\t\t\t\t\t\t\t\t\t\t\t\t\t<\/div>\n\t\t\t\t<\/div>\n\t\t\t\t<div class=\"elementor-element elementor-element-d4c091b elementor-widget elementor-widget-heading\" data-id=\"d4c091b\" data-element_type=\"widget\" data-e-type=\"widget\" data-widget_type=\"heading.default\">\n\t\t\t\t<div class=\"elementor-widget-container\">\n\t\t\t\t\t<h3 class=\"elementor-heading-title elementor-size-default\">Leopoldo Liak\u00f3pulos Falc\u00f3n<\/h3>\t\t\t\t<\/div>\n\t\t\t\t<\/div>\n\t\t\t\t<div class=\"elementor-element elementor-element-eb37923 elementor-widget__width-initial elementor-widget elementor-widget-text-editor\" data-id=\"eb37923\" data-element_type=\"widget\" data-e-type=\"widget\" data-widget_type=\"text-editor.default\">\n\t\t\t\t<div class=\"elementor-widget-container\">\n\t\t\t\t\t\t\t\t\t<p><strong>Director<\/strong> (2018)<\/p>\t\t\t\t\t\t\t\t<\/div>\n\t\t\t\t<\/div>\n\t\t\t\t\t<\/div>\n\t\t\t\t<\/div>\n\t\t<div class=\"elementor-element elementor-element-3266877 e-transform e-con-full e-flex elementor-invisible e-con e-child\" data-id=\"3266877\" data-element_type=\"container\" data-e-type=\"container\" data-settings=\"{&quot;background_background&quot;:&quot;classic&quot;,&quot;_transform_scale_effect_hover&quot;:{&quot;unit&quot;:&quot;px&quot;,&quot;size&quot;:1.0300000000000000266453525910037569701671600341796875,&quot;sizes&quot;:[]},&quot;animation&quot;:&quot;fadeInUp&quot;,&quot;_transform_scale_effect_hover_tablet&quot;:{&quot;unit&quot;:&quot;px&quot;,&quot;size&quot;:&quot;&quot;,&quot;sizes&quot;:[]},&quot;_transform_scale_effect_hover_mobile&quot;:{&quot;unit&quot;:&quot;px&quot;,&quot;size&quot;:&quot;&quot;,&quot;sizes&quot;:[]}}\">\n\t\t\t\t<div class=\"elementor-element elementor-element-57a20e8 elementor-widget__width-initial elementor-widget elementor-widget-image\" data-id=\"57a20e8\" data-element_type=\"widget\" data-e-type=\"widget\" data-widget_type=\"image.default\">\n\t\t\t\t<div class=\"elementor-widget-container\">\n\t\t\t\t\t\t\t\t\t\t\t\t\t\t\t<img loading=\"lazy\" decoding=\"async\" width=\"683\" height=\"1024\" src=\"https:\/\/pa.prival.com\/wp-content\/uploads\/2025\/08\/Bolivar-Marquez-Campodonico-Director-1-683x1024.webp\" class=\"attachment-large size-large wp-image-3433\" alt=\"\" srcset=\"https:\/\/pa.prival.com\/wp-content\/uploads\/2025\/08\/Bolivar-Marquez-Campodonico-Director-1-683x1024.webp 683w, https:\/\/pa.prival.com\/wp-content\/uploads\/2025\/08\/Bolivar-Marquez-Campodonico-Director-1-200x300.webp 200w, https:\/\/pa.prival.com\/wp-content\/uploads\/2025\/08\/Bolivar-Marquez-Campodonico-Director-1-768x1152.webp 768w, https:\/\/pa.prival.com\/wp-content\/uploads\/2025\/08\/Bolivar-Marquez-Campodonico-Director-1-1024x1536.webp 1024w, https:\/\/pa.prival.com\/wp-content\/uploads\/2025\/08\/Bolivar-Marquez-Campodonico-Director-1-1365x2048.webp 1365w, https:\/\/pa.prival.com\/wp-content\/uploads\/2025\/08\/Bolivar-Marquez-Campodonico-Director-1-8x12.webp 8w, https:\/\/pa.prival.com\/wp-content\/uploads\/2025\/08\/Bolivar-Marquez-Campodonico-Director-1-scaled.webp 1707w\" sizes=\"(max-width: 683px) 100vw, 683px\" \/>\t\t\t\t\t\t\t\t\t\t\t\t\t\t\t<\/div>\n\t\t\t\t<\/div>\n\t\t\t\t<div class=\"elementor-element elementor-element-141b82e elementor-widget elementor-widget-heading\" data-id=\"141b82e\" data-element_type=\"widget\" data-e-type=\"widget\" data-widget_type=\"heading.default\">\n\t\t\t\t<div class=\"elementor-widget-container\">\n\t\t\t\t\t<h3 class=\"elementor-heading-title elementor-size-default\">Bol\u00edvar M\u00e1rquez Campod\u00f3nico<\/h3>\t\t\t\t<\/div>\n\t\t\t\t<\/div>\n\t\t\t\t<div class=\"elementor-element elementor-element-3fa622f elementor-widget__width-initial elementor-widget elementor-widget-text-editor\" data-id=\"3fa622f\" data-element_type=\"widget\" data-e-type=\"widget\" data-widget_type=\"text-editor.default\">\n\t\t\t\t<div class=\"elementor-widget-container\">\n\t\t\t\t\t\t\t\t\t<p><strong>Director<\/strong> (2021)<\/p>\t\t\t\t\t\t\t\t<\/div>\n\t\t\t\t<\/div>\n\t\t\t\t<\/div>\n\t\t<div class=\"elementor-element elementor-element-71dc795 e-transform e-con-full e-flex elementor-invisible e-con e-child\" data-id=\"71dc795\" data-element_type=\"container\" data-e-type=\"container\" data-settings=\"{&quot;background_background&quot;:&quot;classic&quot;,&quot;_transform_scale_effect_hover&quot;:{&quot;unit&quot;:&quot;px&quot;,&quot;size&quot;:1.0300000000000000266453525910037569701671600341796875,&quot;sizes&quot;:[]},&quot;animation&quot;:&quot;fadeInUp&quot;,&quot;_transform_scale_effect_hover_tablet&quot;:{&quot;unit&quot;:&quot;px&quot;,&quot;size&quot;:&quot;&quot;,&quot;sizes&quot;:[]},&quot;_transform_scale_effect_hover_mobile&quot;:{&quot;unit&quot;:&quot;px&quot;,&quot;size&quot;:&quot;&quot;,&quot;sizes&quot;:[]}}\">\n\t\t\t\t<div class=\"elementor-element elementor-element-f0e97c0 elementor-widget__width-initial elementor-widget elementor-widget-image\" data-id=\"f0e97c0\" data-element_type=\"widget\" data-e-type=\"widget\" data-widget_type=\"image.default\">\n\t\t\t\t<div class=\"elementor-widget-container\">\n\t\t\t\t\t\t\t\t\t\t\t\t\t\t\t<img loading=\"lazy\" decoding=\"async\" width=\"683\" height=\"1024\" src=\"https:\/\/pa.prival.com\/wp-content\/uploads\/2025\/08\/Niel-Werner-Ketelhohn-Segundo-Director-Independiente-683x1024.webp\" class=\"attachment-large size-large wp-image-3434\" alt=\"\" srcset=\"https:\/\/pa.prival.com\/wp-content\/uploads\/2025\/08\/Niel-Werner-Ketelhohn-Segundo-Director-Independiente-683x1024.webp 683w, https:\/\/pa.prival.com\/wp-content\/uploads\/2025\/08\/Niel-Werner-Ketelhohn-Segundo-Director-Independiente-200x300.webp 200w, https:\/\/pa.prival.com\/wp-content\/uploads\/2025\/08\/Niel-Werner-Ketelhohn-Segundo-Director-Independiente-768x1152.webp 768w, https:\/\/pa.prival.com\/wp-content\/uploads\/2025\/08\/Niel-Werner-Ketelhohn-Segundo-Director-Independiente-1024x1536.webp 1024w, https:\/\/pa.prival.com\/wp-content\/uploads\/2025\/08\/Niel-Werner-Ketelhohn-Segundo-Director-Independiente-1365x2048.webp 1365w, https:\/\/pa.prival.com\/wp-content\/uploads\/2025\/08\/Niel-Werner-Ketelhohn-Segundo-Director-Independiente-8x12.webp 8w, https:\/\/pa.prival.com\/wp-content\/uploads\/2025\/08\/Niel-Werner-Ketelhohn-Segundo-Director-Independiente-scaled.webp 1707w\" sizes=\"(max-width: 683px) 100vw, 683px\" \/>\t\t\t\t\t\t\t\t\t\t\t\t\t\t\t<\/div>\n\t\t\t\t<\/div>\n\t\t\t\t<div class=\"elementor-element elementor-element-1b36653 elementor-widget elementor-widget-heading\" data-id=\"1b36653\" data-element_type=\"widget\" data-e-type=\"widget\" data-widget_type=\"heading.default\">\n\t\t\t\t<div class=\"elementor-widget-container\">\n\t\t\t\t\t<h3 class=\"elementor-heading-title elementor-size-default\"> Niel Werner Ketelh\u00f6hn <\/h3>\t\t\t\t<\/div>\n\t\t\t\t<\/div>\n\t\t\t\t<div class=\"elementor-element elementor-element-3db42fa elementor-widget__width-initial elementor-widget elementor-widget-text-editor\" data-id=\"3db42fa\" data-element_type=\"widget\" data-e-type=\"widget\" data-widget_type=\"text-editor.default\">\n\t\t\t\t<div class=\"elementor-widget-container\">\n\t\t\t\t\t\t\t\t\t<p><strong>Director<\/strong> (2021)<\/p>\t\t\t\t\t\t\t\t<\/div>\n\t\t\t\t<\/div>\n\t\t\t\t<\/div>\n\t\t<div class=\"elementor-element elementor-element-80a4ccb e-transform e-con-full e-flex elementor-invisible e-con e-child\" data-id=\"80a4ccb\" data-element_type=\"container\" data-e-type=\"container\" data-settings=\"{&quot;background_background&quot;:&quot;classic&quot;,&quot;_transform_scale_effect_hover&quot;:{&quot;unit&quot;:&quot;px&quot;,&quot;size&quot;:1.0300000000000000266453525910037569701671600341796875,&quot;sizes&quot;:[]},&quot;animation&quot;:&quot;fadeInUp&quot;,&quot;_transform_scale_effect_hover_tablet&quot;:{&quot;unit&quot;:&quot;px&quot;,&quot;size&quot;:&quot;&quot;,&quot;sizes&quot;:[]},&quot;_transform_scale_effect_hover_mobile&quot;:{&quot;unit&quot;:&quot;px&quot;,&quot;size&quot;:&quot;&quot;,&quot;sizes&quot;:[]}}\">\n\t\t\t\t<div class=\"elementor-element elementor-element-d4809ee elementor-widget__width-initial elementor-widget elementor-widget-image\" data-id=\"d4809ee\" data-element_type=\"widget\" data-e-type=\"widget\" data-widget_type=\"image.default\">\n\t\t\t\t<div class=\"elementor-widget-container\">\n\t\t\t\t\t\t\t\t\t\t\t\t\t\t\t<img loading=\"lazy\" decoding=\"async\" width=\"683\" height=\"1024\" src=\"https:\/\/pa.prival.com\/wp-content\/uploads\/2025\/08\/Jorge-Isaac-Garcia-Primer-Director-Independiente-683x1024.webp\" class=\"attachment-large size-large wp-image-3435\" alt=\"\" srcset=\"https:\/\/pa.prival.com\/wp-content\/uploads\/2025\/08\/Jorge-Isaac-Garcia-Primer-Director-Independiente-683x1024.webp 683w, https:\/\/pa.prival.com\/wp-content\/uploads\/2025\/08\/Jorge-Isaac-Garcia-Primer-Director-Independiente-200x300.webp 200w, https:\/\/pa.prival.com\/wp-content\/uploads\/2025\/08\/Jorge-Isaac-Garcia-Primer-Director-Independiente-768x1152.webp 768w, https:\/\/pa.prival.com\/wp-content\/uploads\/2025\/08\/Jorge-Isaac-Garcia-Primer-Director-Independiente-1024x1536.webp 1024w, https:\/\/pa.prival.com\/wp-content\/uploads\/2025\/08\/Jorge-Isaac-Garcia-Primer-Director-Independiente-1365x2048.webp 1365w, https:\/\/pa.prival.com\/wp-content\/uploads\/2025\/08\/Jorge-Isaac-Garcia-Primer-Director-Independiente-8x12.webp 8w, https:\/\/pa.prival.com\/wp-content\/uploads\/2025\/08\/Jorge-Isaac-Garcia-Primer-Director-Independiente-scaled.webp 1707w\" sizes=\"(max-width: 683px) 100vw, 683px\" \/>\t\t\t\t\t\t\t\t\t\t\t\t\t\t\t<\/div>\n\t\t\t\t<\/div>\n\t\t\t\t<div class=\"elementor-element elementor-element-ac8c97f elementor-widget elementor-widget-heading\" data-id=\"ac8c97f\" data-element_type=\"widget\" data-e-type=\"widget\" data-widget_type=\"heading.default\">\n\t\t\t\t<div class=\"elementor-widget-container\">\n\t\t\t\t\t<h3 class=\"elementor-heading-title elementor-size-default\">Jorge Isaac Garc\u00eda Icaza<\/h3>\t\t\t\t<\/div>\n\t\t\t\t<\/div>\n\t\t\t\t<div class=\"elementor-element elementor-element-1ea7ecc elementor-widget__width-initial elementor-widget elementor-widget-text-editor\" data-id=\"1ea7ecc\" data-element_type=\"widget\" data-e-type=\"widget\" data-widget_type=\"text-editor.default\">\n\t\t\t\t<div class=\"elementor-widget-container\">\n\t\t\t\t\t\t\t\t\t<p><b>Primer Director Independiente <\/b> (2021)<\/p>\t\t\t\t\t\t\t\t<\/div>\n\t\t\t\t<\/div>\n\t\t\t\t<\/div>\n\t\t<div class=\"elementor-element elementor-element-1c9dda5 e-transform e-con-full e-flex elementor-invisible e-con e-child\" data-id=\"1c9dda5\" data-element_type=\"container\" data-e-type=\"container\" data-settings=\"{&quot;background_background&quot;:&quot;classic&quot;,&quot;_transform_scale_effect_hover&quot;:{&quot;unit&quot;:&quot;px&quot;,&quot;size&quot;:1.0300000000000000266453525910037569701671600341796875,&quot;sizes&quot;:[]},&quot;animation&quot;:&quot;fadeInUp&quot;,&quot;_transform_scale_effect_hover_tablet&quot;:{&quot;unit&quot;:&quot;px&quot;,&quot;size&quot;:&quot;&quot;,&quot;sizes&quot;:[]},&quot;_transform_scale_effect_hover_mobile&quot;:{&quot;unit&quot;:&quot;px&quot;,&quot;size&quot;:&quot;&quot;,&quot;sizes&quot;:[]}}\">\n\t\t\t\t<div class=\"elementor-element elementor-element-f3d6274 elementor-widget__width-initial elementor-widget elementor-widget-image\" data-id=\"f3d6274\" data-element_type=\"widget\" data-e-type=\"widget\" data-widget_type=\"image.default\">\n\t\t\t\t<div class=\"elementor-widget-container\">\n\t\t\t\t\t\t\t\t\t\t\t\t\t\t\t<img loading=\"lazy\" decoding=\"async\" width=\"800\" height=\"600\" src=\"https:\/\/pa.prival.com\/wp-content\/uploads\/2026\/03\/Gemini_Generated_Image_wgy2orwgy2orwgy2-1024x768.png\" class=\"attachment-large size-large wp-image-5212\" alt=\"\" srcset=\"https:\/\/pa.prival.com\/wp-content\/uploads\/2026\/03\/Gemini_Generated_Image_wgy2orwgy2orwgy2-1024x768.png 1024w, https:\/\/pa.prival.com\/wp-content\/uploads\/2026\/03\/Gemini_Generated_Image_wgy2orwgy2orwgy2-300x225.png 300w, https:\/\/pa.prival.com\/wp-content\/uploads\/2026\/03\/Gemini_Generated_Image_wgy2orwgy2orwgy2-768x576.png 768w, https:\/\/pa.prival.com\/wp-content\/uploads\/2026\/03\/Gemini_Generated_Image_wgy2orwgy2orwgy2-1536x1152.png 1536w, https:\/\/pa.prival.com\/wp-content\/uploads\/2026\/03\/Gemini_Generated_Image_wgy2orwgy2orwgy2-2048x1536.png 2048w, https:\/\/pa.prival.com\/wp-content\/uploads\/2026\/03\/Gemini_Generated_Image_wgy2orwgy2orwgy2-16x12.png 16w\" sizes=\"(max-width: 800px) 100vw, 800px\" \/>\t\t\t\t\t\t\t\t\t\t\t\t\t\t\t<\/div>\n\t\t\t\t<\/div>\n\t\t\t\t<div class=\"elementor-element elementor-element-13cd09f elementor-widget elementor-widget-heading\" data-id=\"13cd09f\" data-element_type=\"widget\" data-e-type=\"widget\" data-widget_type=\"heading.default\">\n\t\t\t\t<div class=\"elementor-widget-container\">\n\t\t\t\t\t<h3 class=\"elementor-heading-title elementor-size-default\">Jack Loeb Casanova<\/h3>\t\t\t\t<\/div>\n\t\t\t\t<\/div>\n\t\t\t\t<div class=\"elementor-element elementor-element-f4ed822 elementor-widget__width-initial elementor-widget elementor-widget-text-editor\" data-id=\"f4ed822\" data-element_type=\"widget\" data-e-type=\"widget\" data-widget_type=\"text-editor.default\">\n\t\t\t\t<div class=\"elementor-widget-container\">\n\t\t\t\t\t\t\t\t\t<p><b>Director Suplente <\/b> (2021)<\/p>\t\t\t\t\t\t\t\t<\/div>\n\t\t\t\t<\/div>\n\t\t\t\t<\/div>\n\t\t<div class=\"elementor-element elementor-element-059bc53 e-transform e-con-full e-flex elementor-invisible e-con e-child\" data-id=\"059bc53\" data-element_type=\"container\" data-e-type=\"container\" data-settings=\"{&quot;background_background&quot;:&quot;classic&quot;,&quot;_transform_scale_effect_hover&quot;:{&quot;unit&quot;:&quot;px&quot;,&quot;size&quot;:1.0300000000000000266453525910037569701671600341796875,&quot;sizes&quot;:[]},&quot;animation&quot;:&quot;fadeInUp&quot;,&quot;_transform_scale_effect_hover_tablet&quot;:{&quot;unit&quot;:&quot;px&quot;,&quot;size&quot;:&quot;&quot;,&quot;sizes&quot;:[]},&quot;_transform_scale_effect_hover_mobile&quot;:{&quot;unit&quot;:&quot;px&quot;,&quot;size&quot;:&quot;&quot;,&quot;sizes&quot;:[]}}\">\n\t\t\t\t<div class=\"elementor-element elementor-element-8a21794 elementor-widget__width-initial elementor-widget elementor-widget-image\" data-id=\"8a21794\" data-element_type=\"widget\" data-e-type=\"widget\" data-widget_type=\"image.default\">\n\t\t\t\t<div class=\"elementor-widget-container\">\n\t\t\t\t\t\t\t\t\t\t\t\t\t\t\t<img loading=\"lazy\" decoding=\"async\" width=\"683\" height=\"1024\" src=\"https:\/\/pa.prival.com\/wp-content\/uploads\/2025\/08\/Ricardo-Brostella-Novey-Director-Suplente-683x1024.webp\" class=\"attachment-large size-large wp-image-3436\" alt=\"\" srcset=\"https:\/\/pa.prival.com\/wp-content\/uploads\/2025\/08\/Ricardo-Brostella-Novey-Director-Suplente-683x1024.webp 683w, https:\/\/pa.prival.com\/wp-content\/uploads\/2025\/08\/Ricardo-Brostella-Novey-Director-Suplente-200x300.webp 200w, https:\/\/pa.prival.com\/wp-content\/uploads\/2025\/08\/Ricardo-Brostella-Novey-Director-Suplente-768x1152.webp 768w, https:\/\/pa.prival.com\/wp-content\/uploads\/2025\/08\/Ricardo-Brostella-Novey-Director-Suplente-1024x1536.webp 1024w, https:\/\/pa.prival.com\/wp-content\/uploads\/2025\/08\/Ricardo-Brostella-Novey-Director-Suplente-1365x2048.webp 1365w, https:\/\/pa.prival.com\/wp-content\/uploads\/2025\/08\/Ricardo-Brostella-Novey-Director-Suplente-8x12.webp 8w, https:\/\/pa.prival.com\/wp-content\/uploads\/2025\/08\/Ricardo-Brostella-Novey-Director-Suplente-scaled.webp 1707w\" sizes=\"(max-width: 683px) 100vw, 683px\" \/>\t\t\t\t\t\t\t\t\t\t\t\t\t\t\t<\/div>\n\t\t\t\t<\/div>\n\t\t\t\t<div class=\"elementor-element elementor-element-a423665 elementor-widget elementor-widget-heading\" data-id=\"a423665\" data-element_type=\"widget\" data-e-type=\"widget\" data-widget_type=\"heading.default\">\n\t\t\t\t<div class=\"elementor-widget-container\">\n\t\t\t\t\t<h3 class=\"elementor-heading-title elementor-size-default\">Ricardo Brostella Novey <\/h3>\t\t\t\t<\/div>\n\t\t\t\t<\/div>\n\t\t\t\t<div class=\"elementor-element elementor-element-34bc423 elementor-widget__width-initial elementor-widget elementor-widget-text-editor\" data-id=\"34bc423\" data-element_type=\"widget\" data-e-type=\"widget\" data-widget_type=\"text-editor.default\">\n\t\t\t\t<div class=\"elementor-widget-container\">\n\t\t\t\t\t\t\t\t\t<p><b>Director Suplente <\/b>(2021)<\/p>\t\t\t\t\t\t\t\t<\/div>\n\t\t\t\t<\/div>\n\t\t\t\t<\/div>\n\t\t<div class=\"elementor-element elementor-element-5199fb8 e-transform e-con-full e-flex elementor-invisible e-con e-child\" data-id=\"5199fb8\" data-element_type=\"container\" data-e-type=\"container\" data-settings=\"{&quot;background_background&quot;:&quot;classic&quot;,&quot;_transform_scale_effect_hover&quot;:{&quot;unit&quot;:&quot;px&quot;,&quot;size&quot;:1.0300000000000000266453525910037569701671600341796875,&quot;sizes&quot;:[]},&quot;animation&quot;:&quot;fadeInUp&quot;,&quot;_transform_scale_effect_hover_tablet&quot;:{&quot;unit&quot;:&quot;px&quot;,&quot;size&quot;:&quot;&quot;,&quot;sizes&quot;:[]},&quot;_transform_scale_effect_hover_mobile&quot;:{&quot;unit&quot;:&quot;px&quot;,&quot;size&quot;:&quot;&quot;,&quot;sizes&quot;:[]}}\">\n\t\t\t\t<div class=\"elementor-element elementor-element-a9ab659 elementor-widget__width-initial elementor-widget elementor-widget-image\" data-id=\"a9ab659\" data-element_type=\"widget\" data-e-type=\"widget\" data-widget_type=\"image.default\">\n\t\t\t\t<div class=\"elementor-widget-container\">\n\t\t\t\t\t\t\t\t\t\t\t\t\t\t\t<img loading=\"lazy\" decoding=\"async\" width=\"683\" height=\"1024\" src=\"https:\/\/pa.prival.com\/wp-content\/uploads\/2025\/08\/Gabriel-Lewis-Navarro-Director-Suplente-683x1024.webp\" class=\"attachment-large size-large wp-image-3437\" alt=\"\" srcset=\"https:\/\/pa.prival.com\/wp-content\/uploads\/2025\/08\/Gabriel-Lewis-Navarro-Director-Suplente-683x1024.webp 683w, https:\/\/pa.prival.com\/wp-content\/uploads\/2025\/08\/Gabriel-Lewis-Navarro-Director-Suplente-200x300.webp 200w, https:\/\/pa.prival.com\/wp-content\/uploads\/2025\/08\/Gabriel-Lewis-Navarro-Director-Suplente-768x1152.webp 768w, https:\/\/pa.prival.com\/wp-content\/uploads\/2025\/08\/Gabriel-Lewis-Navarro-Director-Suplente-1024x1536.webp 1024w, https:\/\/pa.prival.com\/wp-content\/uploads\/2025\/08\/Gabriel-Lewis-Navarro-Director-Suplente-1365x2048.webp 1365w, https:\/\/pa.prival.com\/wp-content\/uploads\/2025\/08\/Gabriel-Lewis-Navarro-Director-Suplente-8x12.webp 8w, https:\/\/pa.prival.com\/wp-content\/uploads\/2025\/08\/Gabriel-Lewis-Navarro-Director-Suplente-scaled.webp 1707w\" sizes=\"(max-width: 683px) 100vw, 683px\" \/>\t\t\t\t\t\t\t\t\t\t\t\t\t\t\t<\/div>\n\t\t\t\t<\/div>\n\t\t\t\t<div class=\"elementor-element elementor-element-31cb7d9 elementor-widget elementor-widget-heading\" data-id=\"31cb7d9\" data-element_type=\"widget\" data-e-type=\"widget\" data-widget_type=\"heading.default\">\n\t\t\t\t<div class=\"elementor-widget-container\">\n\t\t\t\t\t<h3 class=\"elementor-heading-title elementor-size-default\"> Gabriel Lewis Navarro<\/h3>\t\t\t\t<\/div>\n\t\t\t\t<\/div>\n\t\t\t\t<div class=\"elementor-element elementor-element-055b473 elementor-widget__width-initial elementor-widget elementor-widget-text-editor\" data-id=\"055b473\" data-element_type=\"widget\" data-e-type=\"widget\" data-widget_type=\"text-editor.default\">\n\t\t\t\t<div class=\"elementor-widget-container\">\n\t\t\t\t\t\t\t\t\t<p><b>Director Suplente <\/b>(2021)<\/p>\t\t\t\t\t\t\t\t<\/div>\n\t\t\t\t<\/div>\n\t\t\t\t<\/div>\n\t\t<div class=\"elementor-element elementor-element-74bdbc8 e-transform e-con-full e-flex elementor-invisible e-con e-child\" data-id=\"74bdbc8\" data-element_type=\"container\" data-e-type=\"container\" data-settings=\"{&quot;background_background&quot;:&quot;classic&quot;,&quot;_transform_scale_effect_hover&quot;:{&quot;unit&quot;:&quot;px&quot;,&quot;size&quot;:1.0300000000000000266453525910037569701671600341796875,&quot;sizes&quot;:[]},&quot;animation&quot;:&quot;fadeInUp&quot;,&quot;_transform_scale_effect_hover_tablet&quot;:{&quot;unit&quot;:&quot;px&quot;,&quot;size&quot;:&quot;&quot;,&quot;sizes&quot;:[]},&quot;_transform_scale_effect_hover_mobile&quot;:{&quot;unit&quot;:&quot;px&quot;,&quot;size&quot;:&quot;&quot;,&quot;sizes&quot;:[]}}\">\n\t\t\t\t<div class=\"elementor-element elementor-element-2985aeb elementor-widget__width-initial elementor-widget elementor-widget-image\" data-id=\"2985aeb\" data-element_type=\"widget\" data-e-type=\"widget\" data-widget_type=\"image.default\">\n\t\t\t\t<div class=\"elementor-widget-container\">\n\t\t\t\t\t\t\t\t\t\t\t\t\t\t\t<img loading=\"lazy\" decoding=\"async\" width=\"683\" height=\"1024\" src=\"https:\/\/pa.prival.com\/wp-content\/uploads\/2025\/08\/Alfredo-Aleman-Miranda-Director-Suplente-1-683x1024.webp\" class=\"attachment-large size-large wp-image-3438\" alt=\"\" srcset=\"https:\/\/pa.prival.com\/wp-content\/uploads\/2025\/08\/Alfredo-Aleman-Miranda-Director-Suplente-1-683x1024.webp 683w, https:\/\/pa.prival.com\/wp-content\/uploads\/2025\/08\/Alfredo-Aleman-Miranda-Director-Suplente-1-200x300.webp 200w, https:\/\/pa.prival.com\/wp-content\/uploads\/2025\/08\/Alfredo-Aleman-Miranda-Director-Suplente-1-768x1152.webp 768w, https:\/\/pa.prival.com\/wp-content\/uploads\/2025\/08\/Alfredo-Aleman-Miranda-Director-Suplente-1-1024x1536.webp 1024w, https:\/\/pa.prival.com\/wp-content\/uploads\/2025\/08\/Alfredo-Aleman-Miranda-Director-Suplente-1-1365x2048.webp 1365w, https:\/\/pa.prival.com\/wp-content\/uploads\/2025\/08\/Alfredo-Aleman-Miranda-Director-Suplente-1-8x12.webp 8w, https:\/\/pa.prival.com\/wp-content\/uploads\/2025\/08\/Alfredo-Aleman-Miranda-Director-Suplente-1-scaled.webp 1707w\" sizes=\"(max-width: 683px) 100vw, 683px\" \/>\t\t\t\t\t\t\t\t\t\t\t\t\t\t\t<\/div>\n\t\t\t\t<\/div>\n\t\t\t\t<div class=\"elementor-element elementor-element-fb00914 elementor-widget elementor-widget-heading\" data-id=\"fb00914\" data-element_type=\"widget\" data-e-type=\"widget\" data-widget_type=\"heading.default\">\n\t\t\t\t<div class=\"elementor-widget-container\">\n\t\t\t\t\t<h3 class=\"elementor-heading-title elementor-size-default\">Alfredo Alem\u00e1n Miranda<\/h3>\t\t\t\t<\/div>\n\t\t\t\t<\/div>\n\t\t\t\t<div class=\"elementor-element elementor-element-9aabe49 elementor-widget__width-initial elementor-widget elementor-widget-text-editor\" data-id=\"9aabe49\" data-element_type=\"widget\" data-e-type=\"widget\" data-widget_type=\"text-editor.default\">\n\t\t\t\t<div class=\"elementor-widget-container\">\n\t\t\t\t\t\t\t\t\t<p><strong><b>Director Suplente <\/b><\/strong>(2021)<strong><br \/><\/strong><\/p>\t\t\t\t\t\t\t\t<\/div>\n\t\t\t\t<\/div>\n\t\t\t\t<\/div>\n\t\t\t\t\t<\/div>\n\t\t\t\t<\/div>\n\t\t<div class=\"elementor-element elementor-element-4fd3cc5 e-con-full e-flex e-con e-child\" data-id=\"4fd3cc5\" data-element_type=\"container\" data-e-type=\"container\">\n\t\t\t\t<div class=\"elementor-element elementor-element-51a8a3b elementor-invisible elementor-widget elementor-widget-heading\" data-id=\"51a8a3b\" data-element_type=\"widget\" data-e-type=\"widget\" data-settings=\"{&quot;_animation&quot;:&quot;fadeIn&quot;}\" data-widget_type=\"heading.default\">\n\t\t\t\t<div class=\"elementor-widget-container\">\n\t\t\t\t\t<h2 class=\"elementor-heading-title elementor-size-default\">Prival Bank<\/h2>\t\t\t\t<\/div>\n\t\t\t\t<\/div>\n\t\t\t\t<div class=\"elementor-element elementor-element-a13a8f7 elementor-widget-divider--view-line elementor-widget elementor-widget-divider\" data-id=\"a13a8f7\" data-element_type=\"widget\" data-e-type=\"widget\" data-widget_type=\"divider.default\">\n\t\t\t\t<div class=\"elementor-widget-container\">\n\t\t\t\t\t\t\t<div class=\"elementor-divider\">\n\t\t\t<span class=\"elementor-divider-separator\">\n\t\t\t\t\t\t<\/span>\n\t\t<\/div>\n\t\t\t\t\t\t<\/div>\n\t\t\t\t<\/div>\n\t\t\t\t<\/div>\n\t\t<div class=\"elementor-element elementor-element-22c06cc e-grid e-con-boxed e-con e-child\" data-id=\"22c06cc\" data-element_type=\"container\" data-e-type=\"container\">\n\t\t\t\t\t<div class=\"e-con-inner\">\n\t\t<div class=\"elementor-element elementor-element-0ed8aca e-transform e-flex e-con-boxed elementor-invisible e-con e-child\" data-id=\"0ed8aca\" data-element_type=\"container\" data-e-type=\"container\" data-settings=\"{&quot;background_background&quot;:&quot;classic&quot;,&quot;_transform_scale_effect_hover&quot;:{&quot;unit&quot;:&quot;px&quot;,&quot;size&quot;:1.0300000000000000266453525910037569701671600341796875,&quot;sizes&quot;:[]},&quot;animation&quot;:&quot;fadeInUp&quot;,&quot;_transform_scale_effect_hover_tablet&quot;:{&quot;unit&quot;:&quot;px&quot;,&quot;size&quot;:&quot;&quot;,&quot;sizes&quot;:[]},&quot;_transform_scale_effect_hover_mobile&quot;:{&quot;unit&quot;:&quot;px&quot;,&quot;size&quot;:&quot;&quot;,&quot;sizes&quot;:[]}}\">\n\t\t\t\t\t<div class=\"e-con-inner\">\n\t\t\t\t<div class=\"elementor-element elementor-element-8d77d94 elementor-widget__width-initial elementor-widget elementor-widget-image\" data-id=\"8d77d94\" data-element_type=\"widget\" data-e-type=\"widget\" data-widget_type=\"image.default\">\n\t\t\t\t<div class=\"elementor-widget-container\">\n\t\t\t\t\t\t\t\t\t\t\t\t\t\t\t<img fetchpriority=\"high\" decoding=\"async\" width=\"683\" height=\"1024\" src=\"https:\/\/pa.prival.com\/wp-content\/uploads\/2025\/07\/Juan-Carlos-Fabrega-Rux-Presidente-1-1-683x1024.webp\" class=\"attachment-large size-large wp-image-763\" alt=\"\" srcset=\"https:\/\/pa.prival.com\/wp-content\/uploads\/2025\/07\/Juan-Carlos-Fabrega-Rux-Presidente-1-1-683x1024.webp 683w, https:\/\/pa.prival.com\/wp-content\/uploads\/2025\/07\/Juan-Carlos-Fabrega-Rux-Presidente-1-1-200x300.webp 200w, https:\/\/pa.prival.com\/wp-content\/uploads\/2025\/07\/Juan-Carlos-Fabrega-Rux-Presidente-1-1-768x1152.webp 768w, https:\/\/pa.prival.com\/wp-content\/uploads\/2025\/07\/Juan-Carlos-Fabrega-Rux-Presidente-1-1-1024x1536.webp 1024w, https:\/\/pa.prival.com\/wp-content\/uploads\/2025\/07\/Juan-Carlos-Fabrega-Rux-Presidente-1-1-1365x2048.webp 1365w, https:\/\/pa.prival.com\/wp-content\/uploads\/2025\/07\/Juan-Carlos-Fabrega-Rux-Presidente-1-1-8x12.webp 8w, https:\/\/pa.prival.com\/wp-content\/uploads\/2025\/07\/Juan-Carlos-Fabrega-Rux-Presidente-1-1-scaled.webp 1707w\" sizes=\"(max-width: 683px) 100vw, 683px\" \/>\t\t\t\t\t\t\t\t\t\t\t\t\t\t\t<\/div>\n\t\t\t\t<\/div>\n\t\t\t\t<div class=\"elementor-element elementor-element-a479964 elementor-widget elementor-widget-heading\" data-id=\"a479964\" data-element_type=\"widget\" data-e-type=\"widget\" data-widget_type=\"heading.default\">\n\t\t\t\t<div class=\"elementor-widget-container\">\n\t\t\t\t\t<h3 class=\"elementor-heading-title elementor-size-default\">Juan Carlos F\u00e1brega<\/h3>\t\t\t\t<\/div>\n\t\t\t\t<\/div>\n\t\t\t\t<div class=\"elementor-element elementor-element-4d04acc elementor-widget__width-initial elementor-widget elementor-widget-text-editor\" data-id=\"4d04acc\" data-element_type=\"widget\" data-e-type=\"widget\" data-widget_type=\"text-editor.default\">\n\t\t\t\t<div class=\"elementor-widget-container\">\n\t\t\t\t\t\t\t\t\t<p><strong>Director y Presidente\u00a0<\/strong> (2009)<\/p>\t\t\t\t\t\t\t\t<\/div>\n\t\t\t\t<\/div>\n\t\t\t\t\t<\/div>\n\t\t\t\t<\/div>\n\t\t<div class=\"elementor-element elementor-element-e77e041 e-transform e-flex e-con-boxed elementor-invisible e-con e-child\" data-id=\"e77e041\" data-element_type=\"container\" data-e-type=\"container\" data-settings=\"{&quot;background_background&quot;:&quot;classic&quot;,&quot;_transform_scale_effect_hover&quot;:{&quot;unit&quot;:&quot;px&quot;,&quot;size&quot;:1.0300000000000000266453525910037569701671600341796875,&quot;sizes&quot;:[]},&quot;animation&quot;:&quot;fadeInUp&quot;,&quot;_transform_scale_effect_hover_tablet&quot;:{&quot;unit&quot;:&quot;px&quot;,&quot;size&quot;:&quot;&quot;,&quot;sizes&quot;:[]},&quot;_transform_scale_effect_hover_mobile&quot;:{&quot;unit&quot;:&quot;px&quot;,&quot;size&quot;:&quot;&quot;,&quot;sizes&quot;:[]}}\">\n\t\t\t\t\t<div class=\"e-con-inner\">\n\t\t\t\t<div class=\"elementor-element elementor-element-048e976 elementor-widget__width-initial elementor-widget elementor-widget-image\" data-id=\"048e976\" data-element_type=\"widget\" data-e-type=\"widget\" data-widget_type=\"image.default\">\n\t\t\t\t<div class=\"elementor-widget-container\">\n\t\t\t\t\t\t\t\t\t\t\t\t\t\t\t<img loading=\"lazy\" decoding=\"async\" width=\"683\" height=\"1024\" src=\"https:\/\/pa.prival.com\/wp-content\/uploads\/2025\/07\/Samuel-Lewis-Delvalle-Secretario--683x1024.webp\" class=\"attachment-large size-large wp-image-766\" alt=\"\" srcset=\"https:\/\/pa.prival.com\/wp-content\/uploads\/2025\/07\/Samuel-Lewis-Delvalle-Secretario--683x1024.webp 683w, https:\/\/pa.prival.com\/wp-content\/uploads\/2025\/07\/Samuel-Lewis-Delvalle-Secretario--200x300.webp 200w, https:\/\/pa.prival.com\/wp-content\/uploads\/2025\/07\/Samuel-Lewis-Delvalle-Secretario--768x1152.webp 768w, https:\/\/pa.prival.com\/wp-content\/uploads\/2025\/07\/Samuel-Lewis-Delvalle-Secretario--1024x1536.webp 1024w, https:\/\/pa.prival.com\/wp-content\/uploads\/2025\/07\/Samuel-Lewis-Delvalle-Secretario--1365x2048.webp 1365w, https:\/\/pa.prival.com\/wp-content\/uploads\/2025\/07\/Samuel-Lewis-Delvalle-Secretario--8x12.webp 8w, https:\/\/pa.prival.com\/wp-content\/uploads\/2025\/07\/Samuel-Lewis-Delvalle-Secretario--scaled.webp 1707w\" sizes=\"(max-width: 683px) 100vw, 683px\" \/>\t\t\t\t\t\t\t\t\t\t\t\t\t\t\t<\/div>\n\t\t\t\t<\/div>\n\t\t\t\t<div class=\"elementor-element elementor-element-be0b587 elementor-widget elementor-widget-heading\" data-id=\"be0b587\" data-element_type=\"widget\" data-e-type=\"widget\" data-widget_type=\"heading.default\">\n\t\t\t\t<div class=\"elementor-widget-container\">\n\t\t\t\t\t<h3 class=\"elementor-heading-title elementor-size-default\">Samuel Lewis Delvalle<\/h3>\t\t\t\t<\/div>\n\t\t\t\t<\/div>\n\t\t\t\t<div class=\"elementor-element elementor-element-27c6bf3 elementor-widget__width-initial elementor-widget elementor-widget-text-editor\" data-id=\"27c6bf3\" data-element_type=\"widget\" data-e-type=\"widget\" data-widget_type=\"text-editor.default\">\n\t\t\t\t<div class=\"elementor-widget-container\">\n\t\t\t\t\t\t\t\t\t<p><b>Secretario <\/b>(desde 2014)<\/p>\t\t\t\t\t\t\t\t<\/div>\n\t\t\t\t<\/div>\n\t\t\t\t\t<\/div>\n\t\t\t\t<\/div>\n\t\t<div class=\"elementor-element elementor-element-ee6b3ae e-transform e-flex e-con-boxed elementor-invisible e-con e-child\" data-id=\"ee6b3ae\" data-element_type=\"container\" data-e-type=\"container\" data-settings=\"{&quot;background_background&quot;:&quot;classic&quot;,&quot;_transform_scale_effect_hover&quot;:{&quot;unit&quot;:&quot;px&quot;,&quot;size&quot;:1.0300000000000000266453525910037569701671600341796875,&quot;sizes&quot;:[]},&quot;animation&quot;:&quot;fadeInUp&quot;,&quot;_transform_scale_effect_hover_tablet&quot;:{&quot;unit&quot;:&quot;px&quot;,&quot;size&quot;:&quot;&quot;,&quot;sizes&quot;:[]},&quot;_transform_scale_effect_hover_mobile&quot;:{&quot;unit&quot;:&quot;px&quot;,&quot;size&quot;:&quot;&quot;,&quot;sizes&quot;:[]}}\">\n\t\t\t\t\t<div class=\"e-con-inner\">\n\t\t\t\t<div class=\"elementor-element elementor-element-ee96344 elementor-widget__width-initial elementor-widget elementor-widget-image\" data-id=\"ee96344\" data-element_type=\"widget\" data-e-type=\"widget\" data-widget_type=\"image.default\">\n\t\t\t\t<div class=\"elementor-widget-container\">\n\t\t\t\t\t\t\t\t\t\t\t\t\t\t\t<img loading=\"lazy\" decoding=\"async\" width=\"683\" height=\"1024\" src=\"https:\/\/pa.prival.com\/wp-content\/uploads\/2025\/07\/Jaime-Sanchez-Reverte-Tesorero-683x1024.webp\" class=\"attachment-large size-large wp-image-761\" alt=\"\" srcset=\"https:\/\/pa.prival.com\/wp-content\/uploads\/2025\/07\/Jaime-Sanchez-Reverte-Tesorero-683x1024.webp 683w, https:\/\/pa.prival.com\/wp-content\/uploads\/2025\/07\/Jaime-Sanchez-Reverte-Tesorero-200x300.webp 200w, https:\/\/pa.prival.com\/wp-content\/uploads\/2025\/07\/Jaime-Sanchez-Reverte-Tesorero-768x1152.webp 768w, https:\/\/pa.prival.com\/wp-content\/uploads\/2025\/07\/Jaime-Sanchez-Reverte-Tesorero-1024x1536.webp 1024w, https:\/\/pa.prival.com\/wp-content\/uploads\/2025\/07\/Jaime-Sanchez-Reverte-Tesorero-1365x2048.webp 1365w, https:\/\/pa.prival.com\/wp-content\/uploads\/2025\/07\/Jaime-Sanchez-Reverte-Tesorero-8x12.webp 8w, https:\/\/pa.prival.com\/wp-content\/uploads\/2025\/07\/Jaime-Sanchez-Reverte-Tesorero-scaled.webp 1707w\" sizes=\"(max-width: 683px) 100vw, 683px\" \/>\t\t\t\t\t\t\t\t\t\t\t\t\t\t\t<\/div>\n\t\t\t\t<\/div>\n\t\t\t\t<div class=\"elementor-element elementor-element-ad9d755 elementor-widget elementor-widget-heading\" data-id=\"ad9d755\" data-element_type=\"widget\" data-e-type=\"widget\" data-widget_type=\"heading.default\">\n\t\t\t\t<div class=\"elementor-widget-container\">\n\t\t\t\t\t<h3 class=\"elementor-heading-title elementor-size-default\">Jaime R. S\u00e1nchez Reverte<\/h3>\t\t\t\t<\/div>\n\t\t\t\t<\/div>\n\t\t\t\t<div class=\"elementor-element elementor-element-639bce4 elementor-widget__width-initial elementor-widget elementor-widget-text-editor\" data-id=\"639bce4\" data-element_type=\"widget\" data-e-type=\"widget\" data-widget_type=\"text-editor.default\">\n\t\t\t\t<div class=\"elementor-widget-container\">\n\t\t\t\t\t\t\t\t\t<p><b>Segundo Director Independiente y Tesorero<\/b> (2018)<\/p>\t\t\t\t\t\t\t\t<\/div>\n\t\t\t\t<\/div>\n\t\t\t\t\t<\/div>\n\t\t\t\t<\/div>\n\t\t<div class=\"elementor-element elementor-element-85c7b09 e-transform e-flex e-con-boxed elementor-invisible e-con e-child\" data-id=\"85c7b09\" data-element_type=\"container\" data-e-type=\"container\" data-settings=\"{&quot;background_background&quot;:&quot;classic&quot;,&quot;_transform_scale_effect_hover&quot;:{&quot;unit&quot;:&quot;px&quot;,&quot;size&quot;:1.0300000000000000266453525910037569701671600341796875,&quot;sizes&quot;:[]},&quot;animation&quot;:&quot;fadeInUp&quot;,&quot;_transform_scale_effect_hover_tablet&quot;:{&quot;unit&quot;:&quot;px&quot;,&quot;size&quot;:&quot;&quot;,&quot;sizes&quot;:[]},&quot;_transform_scale_effect_hover_mobile&quot;:{&quot;unit&quot;:&quot;px&quot;,&quot;size&quot;:&quot;&quot;,&quot;sizes&quot;:[]}}\">\n\t\t\t\t\t<div class=\"e-con-inner\">\n\t\t\t\t<div class=\"elementor-element elementor-element-0f0b8fd elementor-widget__width-initial elementor-widget elementor-widget-image\" data-id=\"0f0b8fd\" data-element_type=\"widget\" data-e-type=\"widget\" data-widget_type=\"image.default\">\n\t\t\t\t<div class=\"elementor-widget-container\">\n\t\t\t\t\t\t\t\t\t\t\t\t\t\t\t<img loading=\"lazy\" decoding=\"async\" width=\"741\" height=\"1024\" src=\"https:\/\/pa.prival.com\/wp-content\/uploads\/2025\/07\/Maria-Gabriela-Ucar-Vicepresidente-scaled-e1752865652244-741x1024.webp\" class=\"attachment-large size-large wp-image-764\" alt=\"\" srcset=\"https:\/\/pa.prival.com\/wp-content\/uploads\/2025\/07\/Maria-Gabriela-Ucar-Vicepresidente-scaled-e1752865652244-741x1024.webp 741w, https:\/\/pa.prival.com\/wp-content\/uploads\/2025\/07\/Maria-Gabriela-Ucar-Vicepresidente-scaled-e1752865652244-217x300.webp 217w, https:\/\/pa.prival.com\/wp-content\/uploads\/2025\/07\/Maria-Gabriela-Ucar-Vicepresidente-scaled-e1752865652244-768x1062.webp 768w, https:\/\/pa.prival.com\/wp-content\/uploads\/2025\/07\/Maria-Gabriela-Ucar-Vicepresidente-scaled-e1752865652244-1111x1536.webp 1111w, https:\/\/pa.prival.com\/wp-content\/uploads\/2025\/07\/Maria-Gabriela-Ucar-Vicepresidente-scaled-e1752865652244-1481x2048.webp 1481w, https:\/\/pa.prival.com\/wp-content\/uploads\/2025\/07\/Maria-Gabriela-Ucar-Vicepresidente-scaled-e1752865652244-9x12.webp 9w, https:\/\/pa.prival.com\/wp-content\/uploads\/2025\/07\/Maria-Gabriela-Ucar-Vicepresidente-scaled-e1752865652244.webp 1673w\" sizes=\"(max-width: 741px) 100vw, 741px\" \/>\t\t\t\t\t\t\t\t\t\t\t\t\t\t\t<\/div>\n\t\t\t\t<\/div>\n\t\t\t\t<div class=\"elementor-element elementor-element-33826d7 elementor-widget elementor-widget-heading\" data-id=\"33826d7\" data-element_type=\"widget\" data-e-type=\"widget\" data-widget_type=\"heading.default\">\n\t\t\t\t<div class=\"elementor-widget-container\">\n\t\t\t\t\t<h3 class=\"elementor-heading-title elementor-size-default\">Mar\u00eda Gabriela Ucar<\/h3>\t\t\t\t<\/div>\n\t\t\t\t<\/div>\n\t\t\t\t<div class=\"elementor-element elementor-element-36949e1 elementor-widget__width-initial elementor-widget elementor-widget-text-editor\" data-id=\"36949e1\" data-element_type=\"widget\" data-e-type=\"widget\" data-widget_type=\"text-editor.default\">\n\t\t\t\t<div class=\"elementor-widget-container\">\n\t\t\t\t\t\t\t\t\t<p><b>Primera Directora Independiente y Vicepresidenta<\/b> (2018)<\/p>\t\t\t\t\t\t\t\t<\/div>\n\t\t\t\t<\/div>\n\t\t\t\t\t<\/div>\n\t\t\t\t<\/div>\n\t\t<div class=\"elementor-element elementor-element-cc23ef9 e-transform e-con-full e-flex elementor-invisible e-con e-child\" data-id=\"cc23ef9\" data-element_type=\"container\" data-e-type=\"container\" data-settings=\"{&quot;background_background&quot;:&quot;classic&quot;,&quot;_transform_scale_effect_hover&quot;:{&quot;unit&quot;:&quot;px&quot;,&quot;size&quot;:1.0300000000000000266453525910037569701671600341796875,&quot;sizes&quot;:[]},&quot;animation&quot;:&quot;fadeInUp&quot;,&quot;_transform_scale_effect_hover_tablet&quot;:{&quot;unit&quot;:&quot;px&quot;,&quot;size&quot;:&quot;&quot;,&quot;sizes&quot;:[]},&quot;_transform_scale_effect_hover_mobile&quot;:{&quot;unit&quot;:&quot;px&quot;,&quot;size&quot;:&quot;&quot;,&quot;sizes&quot;:[]}}\">\n\t\t\t\t<div class=\"elementor-element elementor-element-e833362 elementor-widget__width-initial elementor-widget elementor-widget-image\" data-id=\"e833362\" data-element_type=\"widget\" data-e-type=\"widget\" data-widget_type=\"image.default\">\n\t\t\t\t<div class=\"elementor-widget-container\">\n\t\t\t\t\t\t\t\t\t\t\t\t\t\t\t<img loading=\"lazy\" decoding=\"async\" width=\"1365\" height=\"2048\" src=\"https:\/\/pa.prival.com\/wp-content\/uploads\/2025\/07\/David-Munoz-Director-1-1365x2048.webp\" class=\"attachment-2048x2048 size-2048x2048 wp-image-806\" alt=\"\" \/>\t\t\t\t\t\t\t\t\t\t\t\t\t\t\t<\/div>\n\t\t\t\t<\/div>\n\t\t\t\t<div class=\"elementor-element elementor-element-794ea8b elementor-widget elementor-widget-heading\" data-id=\"794ea8b\" data-element_type=\"widget\" data-e-type=\"widget\" data-widget_type=\"heading.default\">\n\t\t\t\t<div class=\"elementor-widget-container\">\n\t\t\t\t\t<h3 class=\"elementor-heading-title elementor-size-default\">David S. Mu\u00f1oz Peralta<\/h3>\t\t\t\t<\/div>\n\t\t\t\t<\/div>\n\t\t\t\t<div class=\"elementor-element elementor-element-1ee0151 elementor-widget__width-initial elementor-widget elementor-widget-text-editor\" data-id=\"1ee0151\" data-element_type=\"widget\" data-e-type=\"widget\" data-widget_type=\"text-editor.default\">\n\t\t\t\t<div class=\"elementor-widget-container\">\n\t\t\t\t\t\t\t\t\t<p><b>Director<\/b> (2021)<\/p>\t\t\t\t\t\t\t\t<\/div>\n\t\t\t\t<\/div>\n\t\t\t\t<\/div>\n\t\t<div class=\"elementor-element elementor-element-ac2ef19 e-transform e-con-full e-flex elementor-invisible e-con e-child\" data-id=\"ac2ef19\" data-element_type=\"container\" data-e-type=\"container\" data-settings=\"{&quot;background_background&quot;:&quot;classic&quot;,&quot;_transform_scale_effect_hover&quot;:{&quot;unit&quot;:&quot;px&quot;,&quot;size&quot;:1.0300000000000000266453525910037569701671600341796875,&quot;sizes&quot;:[]},&quot;animation&quot;:&quot;fadeInUp&quot;,&quot;_transform_scale_effect_hover_tablet&quot;:{&quot;unit&quot;:&quot;px&quot;,&quot;size&quot;:&quot;&quot;,&quot;sizes&quot;:[]},&quot;_transform_scale_effect_hover_mobile&quot;:{&quot;unit&quot;:&quot;px&quot;,&quot;size&quot;:&quot;&quot;,&quot;sizes&quot;:[]}}\">\n\t\t\t\t<div class=\"elementor-element elementor-element-a56aee2 elementor-widget__width-initial elementor-widget elementor-widget-image\" data-id=\"a56aee2\" data-element_type=\"widget\" data-e-type=\"widget\" data-widget_type=\"image.default\">\n\t\t\t\t<div class=\"elementor-widget-container\">\n\t\t\t\t\t\t\t\t\t\t\t\t\t\t\t<img loading=\"lazy\" decoding=\"async\" width=\"683\" height=\"1024\" src=\"https:\/\/pa.prival.com\/wp-content\/uploads\/2025\/07\/Mary-Lyons-Morgan-Directora-683x1024.webp\" class=\"attachment-large size-large wp-image-765\" alt=\"\" srcset=\"https:\/\/pa.prival.com\/wp-content\/uploads\/2025\/07\/Mary-Lyons-Morgan-Directora-683x1024.webp 683w, https:\/\/pa.prival.com\/wp-content\/uploads\/2025\/07\/Mary-Lyons-Morgan-Directora-200x300.webp 200w, https:\/\/pa.prival.com\/wp-content\/uploads\/2025\/07\/Mary-Lyons-Morgan-Directora-768x1152.webp 768w, https:\/\/pa.prival.com\/wp-content\/uploads\/2025\/07\/Mary-Lyons-Morgan-Directora-1024x1536.webp 1024w, https:\/\/pa.prival.com\/wp-content\/uploads\/2025\/07\/Mary-Lyons-Morgan-Directora-1365x2048.webp 1365w, https:\/\/pa.prival.com\/wp-content\/uploads\/2025\/07\/Mary-Lyons-Morgan-Directora-8x12.webp 8w, https:\/\/pa.prival.com\/wp-content\/uploads\/2025\/07\/Mary-Lyons-Morgan-Directora-scaled.webp 1707w\" sizes=\"(max-width: 683px) 100vw, 683px\" \/>\t\t\t\t\t\t\t\t\t\t\t\t\t\t\t<\/div>\n\t\t\t\t<\/div>\n\t\t\t\t<div class=\"elementor-element elementor-element-157f663 elementor-widget elementor-widget-heading\" data-id=\"157f663\" data-element_type=\"widget\" data-e-type=\"widget\" data-widget_type=\"heading.default\">\n\t\t\t\t<div class=\"elementor-widget-container\">\n\t\t\t\t\t<h3 class=\"elementor-heading-title elementor-size-default\">Mary M. Lyons Morgan<\/h3>\t\t\t\t<\/div>\n\t\t\t\t<\/div>\n\t\t\t\t<div class=\"elementor-element elementor-element-bec0d41 elementor-widget__width-initial elementor-widget elementor-widget-text-editor\" data-id=\"bec0d41\" data-element_type=\"widget\" data-e-type=\"widget\" data-widget_type=\"text-editor.default\">\n\t\t\t\t<div class=\"elementor-widget-container\">\n\t\t\t\t\t\t\t\t\t<p><b>Directora<\/b> (2021)<\/p>\t\t\t\t\t\t\t\t<\/div>\n\t\t\t\t<\/div>\n\t\t\t\t<\/div>\n\t\t<div class=\"elementor-element elementor-element-346a713 e-transform e-con-full e-flex elementor-invisible e-con e-child\" data-id=\"346a713\" data-element_type=\"container\" data-e-type=\"container\" data-settings=\"{&quot;background_background&quot;:&quot;classic&quot;,&quot;_transform_scale_effect_hover&quot;:{&quot;unit&quot;:&quot;px&quot;,&quot;size&quot;:1.0300000000000000266453525910037569701671600341796875,&quot;sizes&quot;:[]},&quot;animation&quot;:&quot;fadeInUp&quot;,&quot;_transform_scale_effect_hover_tablet&quot;:{&quot;unit&quot;:&quot;px&quot;,&quot;size&quot;:&quot;&quot;,&quot;sizes&quot;:[]},&quot;_transform_scale_effect_hover_mobile&quot;:{&quot;unit&quot;:&quot;px&quot;,&quot;size&quot;:&quot;&quot;,&quot;sizes&quot;:[]}}\">\n\t\t\t\t<div class=\"elementor-element elementor-element-9e9ee22 elementor-widget__width-initial elementor-widget elementor-widget-image\" data-id=\"9e9ee22\" data-element_type=\"widget\" data-e-type=\"widget\" data-widget_type=\"image.default\">\n\t\t\t\t<div class=\"elementor-widget-container\">\n\t\t\t\t\t\t\t\t\t\t\t\t\t\t\t<img loading=\"lazy\" decoding=\"async\" width=\"683\" height=\"1024\" src=\"https:\/\/pa.prival.com\/wp-content\/uploads\/2025\/07\/Jose-Mann-White-Director--683x1024.webp\" class=\"attachment-large size-large wp-image-762\" alt=\"\" srcset=\"https:\/\/pa.prival.com\/wp-content\/uploads\/2025\/07\/Jose-Mann-White-Director--683x1024.webp 683w, https:\/\/pa.prival.com\/wp-content\/uploads\/2025\/07\/Jose-Mann-White-Director--200x300.webp 200w, https:\/\/pa.prival.com\/wp-content\/uploads\/2025\/07\/Jose-Mann-White-Director--768x1152.webp 768w, https:\/\/pa.prival.com\/wp-content\/uploads\/2025\/07\/Jose-Mann-White-Director--1024x1536.webp 1024w, https:\/\/pa.prival.com\/wp-content\/uploads\/2025\/07\/Jose-Mann-White-Director--1365x2048.webp 1365w, https:\/\/pa.prival.com\/wp-content\/uploads\/2025\/07\/Jose-Mann-White-Director--8x12.webp 8w, https:\/\/pa.prival.com\/wp-content\/uploads\/2025\/07\/Jose-Mann-White-Director--scaled.webp 1707w\" sizes=\"(max-width: 683px) 100vw, 683px\" \/>\t\t\t\t\t\t\t\t\t\t\t\t\t\t\t<\/div>\n\t\t\t\t<\/div>\n\t\t\t\t<div class=\"elementor-element elementor-element-b19cdc3 elementor-widget elementor-widget-heading\" data-id=\"b19cdc3\" data-element_type=\"widget\" data-e-type=\"widget\" data-widget_type=\"heading.default\">\n\t\t\t\t<div class=\"elementor-widget-container\">\n\t\t\t\t\t<h3 class=\"elementor-heading-title elementor-size-default\">Jose A. Mann White<\/h3>\t\t\t\t<\/div>\n\t\t\t\t<\/div>\n\t\t\t\t<div class=\"elementor-element elementor-element-5b9b06e elementor-widget__width-initial elementor-widget elementor-widget-text-editor\" data-id=\"5b9b06e\" data-element_type=\"widget\" data-e-type=\"widget\" data-widget_type=\"text-editor.default\">\n\t\t\t\t<div class=\"elementor-widget-container\">\n\t\t\t\t\t\t\t\t\t<p><strong>Director<\/strong> (2021)<\/p>\t\t\t\t\t\t\t\t<\/div>\n\t\t\t\t<\/div>\n\t\t\t\t<\/div>\n\t\t\t\t\t<\/div>\n\t\t\t\t<\/div>\n\t\t\t\t<\/div>\n\t\t\t\t<\/div>\n\t\t<div class=\"elementor-element elementor-element-d101715 e-flex e-con-boxed e-con e-parent\" data-id=\"d101715\" data-element_type=\"container\" data-e-type=\"container\" data-settings=\"{&quot;background_background&quot;:&quot;classic&quot;,&quot;background_motion_fx_translateY_effect&quot;:&quot;yes&quot;,&quot;background_motion_fx_translateY_speed&quot;:{&quot;unit&quot;:&quot;px&quot;,&quot;size&quot;:7.0999999999999996447286321199499070644378662109375,&quot;sizes&quot;:[]},&quot;background_motion_fx_motion_fx_scrolling&quot;:&quot;yes&quot;,&quot;background_motion_fx_translateY_affectedRange&quot;:{&quot;unit&quot;:&quot;%&quot;,&quot;size&quot;:&quot;&quot;,&quot;sizes&quot;:{&quot;start&quot;:0,&quot;end&quot;:100}},&quot;background_motion_fx_devices&quot;:[&quot;desktop&quot;,&quot;tablet&quot;,&quot;mobile&quot;]}\">\n\t\t\t\t\t<div class=\"e-con-inner\">\n\t\t\t\t<div class=\"elementor-element elementor-element-f77c666 elementor-widget elementor-widget-spacer\" data-id=\"f77c666\" data-element_type=\"widget\" data-e-type=\"widget\" data-widget_type=\"spacer.default\">\n\t\t\t\t<div class=\"elementor-widget-container\">\n\t\t\t\t\t\t\t<div class=\"elementor-spacer\">\n\t\t\t<div class=\"elementor-spacer-inner\"><\/div>\n\t\t<\/div>\n\t\t\t\t\t\t<\/div>\n\t\t\t\t<\/div>\n\t\t\t\t<div class=\"elementor-element elementor-element-a3cd270 elementor-widget__width-initial elementor-widget-tablet__width-initial elementor-widget-mobile__width-initial elementor-widget elementor-widget-heading\" data-id=\"a3cd270\" data-element_type=\"widget\" data-e-type=\"widget\" data-widget_type=\"heading.default\">\n\t\t\t\t<div class=\"elementor-widget-container\">\n\t\t\t\t\t<h2 class=\"elementor-heading-title elementor-size-default\">Gestionamos su patrimonio con la misma precisi\u00f3n con la que usted construye su legado.<\/h2>\t\t\t\t<\/div>\n\t\t\t\t<\/div>\n\t\t\t\t<div class=\"elementor-element elementor-element-6f6d307 elementor-widget elementor-widget-spacer\" data-id=\"6f6d307\" data-element_type=\"widget\" data-e-type=\"widget\" data-widget_type=\"spacer.default\">\n\t\t\t\t<div class=\"elementor-widget-container\">\n\t\t\t\t\t\t\t<div class=\"elementor-spacer\">\n\t\t\t<div class=\"elementor-spacer-inner\"><\/div>\n\t\t<\/div>\n\t\t\t\t\t\t<\/div>\n\t\t\t\t<\/div>\n\t\t\t\t\t<\/div>\n\t\t\t\t<\/div>\n\t\t\t\t<\/div>\n\t\t","protected":false},"excerpt":{"rendered":"<p>Junta Directiva Grupo Prival Juan Carlos F\u00e1brega Director y Presidente\u00a0 (2009) Roberto Pascual Q. Director y Vicepresidente\u00a0(2009) Samuel Lewis Navarro Director y Secretario (2009) Jaime Sosa Quintero Director y Tesorero (2009) Sim\u00f3n Bol\u00edvar Alem\u00e1n Director (2009) Samuel Urrutia Cantoral Director (2009) Rogelio Arango de la Guardia Director (2018) Leopoldo Liak\u00f3pulos Falc\u00f3n Director (2018) Bol\u00edvar M\u00e1rquez [&hellip;]<\/p>\n","protected":false},"author":2,"featured_media":0,"parent":0,"menu_order":0,"comment_status":"closed","ping_status":"closed","template":"","meta":{"_eb_attr":"","footnotes":""},"class_list":["post-1298","page","type-page","status-publish","hentry"],"aioseo_notices":[],"aioseo_head":"\n\t\t<!-- All in One SEO 5.0.0.1 - aioseo.com -->\n\t<meta name=\"description\" content=\"Junta Directiva Sobre Nosotros Junta Directiva Equipo Ejecutivo Informaci\u00f3n Financiera Sobre Nosotros Junta Directiva Equipo Ejecutivo Informaci\u00f3n Financiera Grupo Prival Juan Carlos F\u00e1brega Director y Presidente (2009) Roberto Pascual Q. Director y Vicepresidente (2009) Samuel Lewis Navarro Director y Secretario (2009) Jaime Sosa Quintero Director y Tesorero (2009) Sim\u00f3n Bol\u00edvar Alem\u00e1n Director (2009) Samuel Urrutia Cantoral\" \/>\n\t<meta name=\"robots\" content=\"max-image-preview:large\" \/>\n\t<meta name=\"google-site-verification\" content=\"S3CYYxldoVqFJzRVOj1vTMHTMF401WUHeA_x7O8M-X4\" \/>\n\t<link rel=\"canonical\" href=\"https:\/\/pa.prival.com\/en\/junta-directiva\/\" \/>\n\t<meta name=\"generator\" content=\"All in One SEO (AIOSEO) 5.0.0.1\" \/>\n\t\t<meta property=\"og:locale\" content=\"en_US\" \/>\n\t\t<meta property=\"og:site_name\" content=\"Prival - Banca Privada\" \/>\n\t\t<meta property=\"og:type\" content=\"article\" \/>\n\t\t<meta property=\"og:title\" content=\"Junta Directiva - Prival\" \/>\n\t\t<meta property=\"og:description\" content=\"Junta Directiva Sobre Nosotros Junta Directiva Equipo Ejecutivo Informaci\u00f3n Financiera Sobre Nosotros Junta Directiva Equipo Ejecutivo Informaci\u00f3n Financiera Grupo Prival Juan Carlos F\u00e1brega Director y Presidente (2009) Roberto Pascual Q. Director y Vicepresidente (2009) Samuel Lewis Navarro Director y Secretario (2009) Jaime Sosa Quintero Director y Tesorero (2009) Sim\u00f3n Bol\u00edvar Alem\u00e1n Director (2009) Samuel Urrutia Cantoral\" \/>\n\t\t<meta property=\"og:url\" content=\"https:\/\/pa.prival.com\/en\/junta-directiva\/\" \/>\n\t\t<meta property=\"og:image\" content=\"https:\/\/pa.prival.com\/wp-content\/uploads\/2025\/06\/logo-prival-blanco-transp.webp\" \/>\n\t\t<meta property=\"og:image:secure_url\" content=\"https:\/\/pa.prival.com\/wp-content\/uploads\/2025\/06\/logo-prival-blanco-transp.webp\" \/>\n\t\t<meta property=\"article:published_time\" content=\"2025-07-17T16:50:07+00:00\" \/>\n\t\t<meta property=\"article:modified_time\" content=\"2026-03-17T20:59:29+00:00\" \/>\n\t\t<meta name=\"twitter:card\" content=\"summary_large_image\" \/>\n\t\t<meta name=\"twitter:title\" content=\"Junta Directiva - Prival\" \/>\n\t\t<meta name=\"twitter:description\" content=\"Junta Directiva Sobre Nosotros Junta Directiva Equipo Ejecutivo Informaci\u00f3n Financiera Sobre Nosotros Junta Directiva Equipo Ejecutivo Informaci\u00f3n Financiera Grupo Prival Juan Carlos F\u00e1brega Director y Presidente (2009) Roberto Pascual Q. Director y Vicepresidente (2009) Samuel Lewis Navarro Director y Secretario (2009) Jaime Sosa Quintero Director y Tesorero (2009) Sim\u00f3n Bol\u00edvar Alem\u00e1n Director (2009) Samuel Urrutia Cantoral\" \/>\n\t\t<meta name=\"twitter:image\" content=\"https:\/\/pa.prival.com\/wp-content\/uploads\/2025\/06\/logo-prival-blanco-transp.webp\" \/>\n\t\t<script type=\"application\/ld+json\" class=\"aioseo-schema\">\n\t\t\t{\"@context\":\"https:\\\/\\\/schema.org\",\"@graph\":[{\"@type\":\"BreadcrumbList\",\"@id\":\"https:\\\/\\\/pa.prival.com\\\/en\\\/junta-directiva\\\/#breadcrumblist\",\"itemListElement\":[{\"@type\":\"ListItem\",\"@id\":\"https:\\\/\\\/pa.prival.com\\\/en#listItem\",\"position\":1,\"name\":\"Home\",\"item\":\"https:\\\/\\\/pa.prival.com\\\/en\",\"nextItem\":{\"@type\":\"ListItem\",\"@id\":\"https:\\\/\\\/pa.prival.com\\\/en\\\/junta-directiva\\\/#listItem\",\"name\":\"Junta Directiva\"}},{\"@type\":\"ListItem\",\"@id\":\"https:\\\/\\\/pa.prival.com\\\/en\\\/junta-directiva\\\/#listItem\",\"position\":2,\"name\":\"Junta Directiva\",\"previousItem\":{\"@type\":\"ListItem\",\"@id\":\"https:\\\/\\\/pa.prival.com\\\/en#listItem\",\"name\":\"Home\"}}]},{\"@type\":\"Organization\",\"@id\":\"https:\\\/\\\/pa.prival.com\\\/en\\\/#organization\",\"name\":\"Prival\",\"description\":\"Banca Privada\",\"url\":\"https:\\\/\\\/pa.prival.com\\\/en\\\/\",\"logo\":{\"@type\":\"ImageObject\",\"url\":\"https:\\\/\\\/pa.prival.com\\\/wp-content\\\/uploads\\\/2025\\\/06\\\/logo-prival-blanco-transp.webp\",\"@id\":\"https:\\\/\\\/pa.prival.com\\\/en\\\/junta-directiva\\\/#organizationLogo\",\"width\":354,\"height\":118},\"image\":{\"@id\":\"https:\\\/\\\/pa.prival.com\\\/en\\\/junta-directiva\\\/#organizationLogo\"}},{\"@type\":\"WebPage\",\"@id\":\"https:\\\/\\\/pa.prival.com\\\/en\\\/junta-directiva\\\/#webpage\",\"url\":\"https:\\\/\\\/pa.prival.com\\\/en\\\/junta-directiva\\\/\",\"name\":\"Junta Directiva - Prival\",\"description\":\"Junta Directiva Sobre Nosotros Junta Directiva Equipo Ejecutivo Informaci\\u00f3n Financiera Sobre Nosotros Junta Directiva Equipo Ejecutivo Informaci\\u00f3n Financiera Grupo Prival Juan Carlos F\\u00e1brega Director y Presidente (2009) Roberto Pascual Q. Director y Vicepresidente (2009) Samuel Lewis Navarro Director y Secretario (2009) Jaime Sosa Quintero Director y Tesorero (2009) Sim\\u00f3n Bol\\u00edvar Alem\\u00e1n Director (2009) Samuel Urrutia Cantoral\",\"inLanguage\":\"en-US\",\"isPartOf\":{\"@id\":\"https:\\\/\\\/pa.prival.com\\\/en\\\/#website\"},\"breadcrumb\":{\"@id\":\"https:\\\/\\\/pa.prival.com\\\/en\\\/junta-directiva\\\/#breadcrumblist\"},\"datePublished\":\"2025-07-17T16:50:07+00:00\",\"dateModified\":\"2026-03-17T20:59:29+00:00\"},{\"@type\":\"WebSite\",\"@id\":\"https:\\\/\\\/pa.prival.com\\\/en\\\/#website\",\"url\":\"https:\\\/\\\/pa.prival.com\\\/en\\\/\",\"name\":\"Prival\",\"description\":\"Banca Privada\",\"inLanguage\":\"en-US\",\"publisher\":{\"@id\":\"https:\\\/\\\/pa.prival.com\\\/en\\\/#organization\"}}]}\n\t\t<\/script>\n\t\t<!-- All in One SEO -->\n\n","aioseo_head_json":{"title":"Junta Directiva - Prival","description":"Junta Directiva Sobre Nosotros Junta Directiva Equipo Ejecutivo Informaci\u00f3n Financiera Sobre Nosotros Junta Directiva Equipo Ejecutivo Informaci\u00f3n Financiera Grupo Prival Juan Carlos F\u00e1brega Director y Presidente (2009) Roberto Pascual Q. Director y Vicepresidente (2009) Samuel Lewis Navarro Director y Secretario (2009) Jaime Sosa Quintero Director y Tesorero (2009) Sim\u00f3n Bol\u00edvar Alem\u00e1n Director (2009) Samuel Urrutia Cantoral","canonical_url":"https:\/\/pa.prival.com\/en\/junta-directiva\/","robots":"max-image-preview:large","keywords":"","webmasterTools":{"google-site-verification":"S3CYYxldoVqFJzRVOj1vTMHTMF401WUHeA_x7O8M-X4","miscellaneous":""},"schema":{"@context":"https:\/\/schema.org","@graph":[{"@type":"BreadcrumbList","@id":"https:\/\/pa.prival.com\/en\/junta-directiva\/#breadcrumblist","itemListElement":[{"@type":"ListItem","@id":"https:\/\/pa.prival.com\/en#listItem","position":1,"name":"Home","item":"https:\/\/pa.prival.com\/en","nextItem":{"@type":"ListItem","@id":"https:\/\/pa.prival.com\/en\/junta-directiva\/#listItem","name":"Junta Directiva"}},{"@type":"ListItem","@id":"https:\/\/pa.prival.com\/en\/junta-directiva\/#listItem","position":2,"name":"Junta Directiva","previousItem":{"@type":"ListItem","@id":"https:\/\/pa.prival.com\/en#listItem","name":"Home"}}]},{"@type":"Organization","@id":"https:\/\/pa.prival.com\/en\/#organization","name":"Prival","description":"Banca Privada","url":"https:\/\/pa.prival.com\/en\/","logo":{"@type":"ImageObject","url":"https:\/\/pa.prival.com\/wp-content\/uploads\/2025\/06\/logo-prival-blanco-transp.webp","@id":"https:\/\/pa.prival.com\/en\/junta-directiva\/#organizationLogo","width":354,"height":118},"image":{"@id":"https:\/\/pa.prival.com\/en\/junta-directiva\/#organizationLogo"}},{"@type":"WebPage","@id":"https:\/\/pa.prival.com\/en\/junta-directiva\/#webpage","url":"https:\/\/pa.prival.com\/en\/junta-directiva\/","name":"Junta Directiva - Prival","description":"Junta Directiva Sobre Nosotros Junta Directiva Equipo Ejecutivo Informaci\u00f3n Financiera Sobre Nosotros Junta Directiva Equipo Ejecutivo Informaci\u00f3n Financiera Grupo Prival Juan Carlos F\u00e1brega Director y Presidente (2009) Roberto Pascual Q. Director y Vicepresidente (2009) Samuel Lewis Navarro Director y Secretario (2009) Jaime Sosa Quintero Director y Tesorero (2009) Sim\u00f3n Bol\u00edvar Alem\u00e1n Director (2009) Samuel Urrutia Cantoral","inLanguage":"en-US","isPartOf":{"@id":"https:\/\/pa.prival.com\/en\/#website"},"breadcrumb":{"@id":"https:\/\/pa.prival.com\/en\/junta-directiva\/#breadcrumblist"},"datePublished":"2025-07-17T16:50:07+00:00","dateModified":"2026-03-17T20:59:29+00:00"},{"@type":"WebSite","@id":"https:\/\/pa.prival.com\/en\/#website","url":"https:\/\/pa.prival.com\/en\/","name":"Prival","description":"Banca Privada","inLanguage":"en-US","publisher":{"@id":"https:\/\/pa.prival.com\/en\/#organization"}}]},"og:locale":"en_US","og:site_name":"Prival - Banca Privada","og:type":"article","og:title":"Junta Directiva - Prival","og:description":"Junta Directiva Sobre Nosotros Junta Directiva Equipo Ejecutivo Informaci\u00f3n Financiera Sobre Nosotros Junta Directiva Equipo Ejecutivo Informaci\u00f3n Financiera Grupo Prival Juan Carlos F\u00e1brega Director y Presidente (2009) Roberto Pascual Q. Director y Vicepresidente (2009) Samuel Lewis Navarro Director y Secretario (2009) Jaime Sosa Quintero Director y Tesorero (2009) Sim\u00f3n Bol\u00edvar Alem\u00e1n Director (2009) Samuel Urrutia Cantoral","og:url":"https:\/\/pa.prival.com\/en\/junta-directiva\/","og:image":"https:\/\/pa.prival.com\/wp-content\/uploads\/2025\/06\/logo-prival-blanco-transp.webp","og:image:secure_url":"https:\/\/pa.prival.com\/wp-content\/uploads\/2025\/06\/logo-prival-blanco-transp.webp","article:published_time":"2025-07-17T16:50:07+00:00","article:modified_time":"2026-03-17T20:59:29+00:00","twitter:card":"summary_large_image","twitter:title":"Junta Directiva - Prival","twitter:description":"Junta Directiva Sobre Nosotros Junta Directiva Equipo Ejecutivo Informaci\u00f3n Financiera Sobre Nosotros Junta Directiva Equipo Ejecutivo Informaci\u00f3n Financiera Grupo Prival Juan Carlos F\u00e1brega Director y Presidente (2009) Roberto Pascual Q. Director y Vicepresidente (2009) Samuel Lewis Navarro Director y Secretario (2009) Jaime Sosa Quintero Director y Tesorero (2009) Sim\u00f3n Bol\u00edvar Alem\u00e1n Director (2009) Samuel Urrutia Cantoral","twitter:image":"https:\/\/pa.prival.com\/wp-content\/uploads\/2025\/06\/logo-prival-blanco-transp.webp"},"aioseo_meta_data":{"post_id":"1298","title":null,"description":null,"keywords":null,"keyphrases":{"focus":[],"additional":[]},"primary_term":null,"canonical_url":null,"og_title":null,"og_description":null,"og_object_type":"default","og_image_type":"default","og_image_url":null,"og_image_width":null,"og_image_height":null,"og_image_custom_url":null,"og_image_custom_fields":null,"og_video":"","og_custom_url":null,"og_article_section":null,"og_article_tags":null,"twitter_use_og":false,"twitter_card":"default","twitter_image_type":"default","twitter_image_url":null,"twitter_image_custom_url":null,"twitter_image_custom_fields":null,"twitter_title":null,"twitter_description":null,"schema":{"blockGraphs":[],"customGraphs":[],"default":{"data":{"Article":[],"Course":[],"Dataset":[],"FAQPage":[],"Movie":[],"Person":[],"Product":[],"ProductReview":[],"Car":[],"Recipe":[],"Service":[],"SoftwareApplication":[],"WebPage":[]},"graphName":"WebPage","isEnabled":true},"graphs":[]},"schema_type":"default","schema_type_options":null,"pillar_content":false,"robots_default":true,"robots_noindex":false,"robots_noarchive":false,"robots_nosnippet":false,"robots_nofollow":false,"robots_noimageindex":false,"robots_noodp":false,"robots_notranslate":false,"robots_max_snippet":"-1","robots_max_videopreview":"-1","robots_max_imagepreview":"large","priority":null,"frequency":"default","local_seo":null,"breadcrumb_settings":null,"limit_modified_date":false,"ai":{"faqs":[],"keyPoints":[],"titles":[],"descriptions":[],"socialPosts":{"email":[],"linkedin":[],"twitter":[],"facebook":[],"instagram":[]}},"created":"2025-07-17 16:50:09","updated":"2026-08-17 21:17:16","seo_analyzer_scan_date":null,"focus_keyword":null,"additional_keywords":null,"truseo_locale":null},"aioseo_breadcrumb":"<div class=\"aioseo-breadcrumbs\"><span class=\"aioseo-breadcrumb\">\n\t\t\t<a href=\"https:\/\/pa.prival.com\/en\" title=\"Home\">Home<\/a>\n\t\t<\/span><span class=\"aioseo-breadcrumb-separator\">&raquo;<\/span><span class=\"aioseo-breadcrumb\">\n\t\t\tJunta Directiva\n\t\t<\/span><\/div>","aioseo_breadcrumb_json":[{"label":"Home","link":"https:\/\/pa.prival.com\/en"},{"label":"Junta Directiva","link":"https:\/\/pa.prival.com\/en\/junta-directiva\/"}],"_links":{"self":[{"href":"https:\/\/pa.prival.com\/en\/wp-json\/wp\/v2\/pages\/1298","targetHints":{"allow":["GET"]}}],"collection":[{"href":"https:\/\/pa.prival.com\/en\/wp-json\/wp\/v2\/pages"}],"about":[{"href":"https:\/\/pa.prival.com\/en\/wp-json\/wp\/v2\/types\/page"}],"author":[{"embeddable":true,"href":"https:\/\/pa.prival.com\/en\/wp-json\/wp\/v2\/users\/2"}],"replies":[{"embeddable":true,"href":"https:\/\/pa.prival.com\/en\/wp-json\/wp\/v2\/comments?post=1298"}],"version-history":[{"count":130,"href":"https:\/\/pa.prival.com\/en\/wp-json\/wp\/v2\/pages\/1298\/revisions"}],"predecessor-version":[{"id":5215,"href":"https:\/\/pa.prival.com\/en\/wp-json\/wp\/v2\/pages\/1298\/revisions\/5215"}],"wp:attachment":[{"href":"https:\/\/pa.prival.com\/en\/wp-json\/wp\/v2\/media?parent=1298"}],"curies":[{"name":"wp","href":"https:\/\/api.w.org\/{rel}","templated":true}]}}